{"id":7871,"date":"2019-01-19T09:08:34","date_gmt":"2019-01-19T09:08:34","guid":{"rendered":"https:\/\/menorcaenkayak.com\/newsite\/boutique\/"},"modified":"2022-02-10T20:34:41","modified_gmt":"2022-02-10T20:34:41","slug":"boutique","status":"publish","type":"page","link":"https:\/\/menorcaenkayak.com\/fr\/boutique\/","title":{"rendered":"Boutique"},"content":{"rendered":"  <div id=\"page-header-660312411\" class=\"page-header-wrapper\">\n  <div class=\"page-title dark featured-title\">\n\n        <div class=\"page-title-bg\">\n      <div class=\"title-bg fill bg-fill\"\n        data-parallax-container=\".page-title\"\n        data-parallax-background\n        data-parallax=\"-\">\n      <\/div>\n      <div class=\"title-overlay fill\"><\/div>\n    <\/div>\n    \n    <div class=\"page-title-inner container align-center flex-row medium-flex-wrap\" >\n              <div class=\"title-wrapper flex-col text-left medium-text-center\">\n          <h1 class=\"entry-title mb-0\">\n            Boutique          <\/h1>\n        <\/div>\n                    <div class=\"title-content flex-col flex-right text-right medium-text-center\">\n        <div class=\"title-breadcrumbs pb-half pt-half\"><nav class=\"woocommerce-breadcrumb breadcrumbs uppercase\">Accueil<\/nav><\/div>      <\/div>\n    <\/div>\n\n     \n<style>\n#page-header-660312411 .title-overlay {\n  background-color: rgb(96, 125, 139);\n}\n#page-header-660312411 .featured-title {\n  background-color: rgb(96, 125, 139);\n}\n<\/style>\n  <\/div>\n    <\/div>\n  \n\n\t<section class=\"section dark\" id=\"section_1786025749\">\n\t\t<div class=\"section-bg fill\" >\n\t\t\t\t\t\t\t\t\t\n\t\t\t\n\n\t\t<\/div>\n\n\t\t\n\n\t\t<div class=\"section-content relative\">\n\t\t\t\n<div class=\"row\"  id=\"row-658775931\">\n\n\t<div id=\"col-1134833124\" class=\"col small-12 large-12\"  >\n\t\t\t\t<div class=\"col-inner\"  >\n\t\t\t\n\t\t\t\n<p><strong>MENORCA EN KAYAK<\/strong>\u00a0est aussi une boutique sp\u00e9cialis\u00e9e du kayak de mer.<br \/>\nNotre centre d\u2019activit\u00e9s se trouve \u00e0 la petite ville d&rsquo;Es Grau (Tramuntana, 9), o\u00f9 nous avons une exposition de kayaks, d\u2019accessoires \u00e0 la navigation, de v\u00eatements de kayak, etc. En r\u00e9sum\u00e9, tout ce dont vous avez besoin, que vous soyez exp\u00e9riment\u00e9 ou d\u00e9butant en kayak. Nous vous aidons \u00e0 choisir l\u2019\u00e9quipement appropri\u00e9 \u00e0 vos besoins.<br \/>\nVous avez la possibilit\u00e9 d\u2019essayer diff\u00e9rents kayaks. Nous les testons nous-m\u00eames et \u00a0estimons que nos clients doivent pouvoir le faire \u00e9galement.<\/p>\n<p>Venez nous voir, sans engagement de votre part\u00a0!<\/p>\n\t\t<\/div>\n\t\t\t\t\t<\/div>\n\n\t\n<\/div>\n\t\t<\/div>\n\n\t\t\n<style>\n#section_1786025749 {\n  padding-top: 0px;\n  padding-bottom: 0px;\n  background-color: rgb(96, 125, 139);\n}\n<\/style>\n\t<\/section>\n\t\n\n\t<section class=\"section\" id=\"section_526324618\">\n\t\t<div class=\"section-bg fill\" >\n\t\t\t\t\t\t\t\t\t\n\t\t\t\n\n\t\t<\/div>\n\n\t\t\n\n\t\t<div class=\"section-content relative\">\n\t\t\t\n<div class=\"row\"  id=\"row-172012537\">\n\n\t<div id=\"col-791089272\" class=\"col small-12 large-12\"  >\n\t\t\t\t<div class=\"col-inner\"  >\n\t\t\t\n\t\t\t\n\t\n  \n    <div class=\"row large-columns-3 medium-columns- small-columns-2 row-small slider row-slider slider-nav-simple slider-nav-outside slider-nav-push\"  data-flickity-options='{&quot;imagesLoaded&quot;: true, &quot;groupCells&quot;: &quot;100%&quot;, &quot;dragThreshold&quot; : 5, &quot;cellAlign&quot;: &quot;left&quot;,&quot;wrapAround&quot;: true,&quot;prevNextButtons&quot;: true,&quot;percentPosition&quot;: true,&quot;pageDots&quot;: false, &quot;rightToLeft&quot;: false, &quot;autoPlay&quot; : 7000}' >\n\n  \n\t     <div class=\"product-small col has-hover product type-product post-8869 status-publish first instock product_cat-produits-vedettes has-post-thumbnail shipping-taxable product-type-simple\">\n\t<div class=\"col-inner\">\n\t\n<div class=\"badge-container absolute left top z-1\">\n\n<\/div>\n\t<div class=\"product-small box \">\n\t\t<div class=\"box-image\">\n\t\t\t<div class=\"image-fade_in_back\">\n\t\t\t\t<a href=\"https:\/\/menorcaenkayak.com\/fr\/product\/rocker-5-1-de-fun-run\/\" aria-label=\"Kayak de mer Essence 16 by PERCEPTION\">\n\t\t\t\t\t<img decoding=\"async\" width=\"300\" height=\"150\" src=\"https:\/\/cdn.menorcaenkayak.com\/wp-content\/uploads\/2016\/10\/Essence-16_Top-Side-300x150.png?strip=all\" class=\"attachment-woocommerce_thumbnail size-woocommerce_thumbnail\" alt=\"Kayak de mer Essence 16 by PERCEPTION\" srcset=\"https:\/\/cdn.menorcaenkayak.com\/wp-content\/uploads\/2016\/10\/Essence-16_Top-Side-300x150.png?strip=all 300w, https:\/\/cdn.menorcaenkayak.com\/wp-content\/uploads\/2016\/10\/Essence-16_Top-Side.png?strip=all&amp;zoom=0.2&amp;resize=300%2C150 60w, https:\/\/cdn.menorcaenkayak.com\/wp-content\/uploads\/2016\/10\/Essence-16_Top-Side.png?strip=all&amp;zoom=0.4&amp;resize=300%2C150 120w, https:\/\/cdn.menorcaenkayak.com\/wp-content\/uploads\/2016\/10\/Essence-16_Top-Side.png?strip=all&amp;zoom=0.6&amp;resize=300%2C150 180w, https:\/\/cdn.menorcaenkayak.com\/wp-content\/uploads\/2016\/10\/Essence-16_Top-Side.png?strip=all&amp;zoom=0.8&amp;resize=300%2C150 240w, https:\/\/cdn.menorcaenkayak.com\/wp-content\/uploads\/2016\/10\/Essence-16_Top-Side.png?strip=all&amp;zoom=2&amp;resize=300%2C150 600w, https:\/\/cdn.menorcaenkayak.com\/wp-content\/uploads\/2016\/10\/Essence-16_Top-Side.png?strip=all&amp;zoom=3&amp;resize=300%2C150 900w\" sizes=\"(max-width: 300px) 100vw, 300px\" \/>\t\t\t\t<\/a>\n\t\t\t<\/div>\n\t\t\t<div class=\"image-tools is-small top right show-on-hover\">\n\t\t\t\t\t\t\t<\/div>\n\t\t\t<div class=\"image-tools is-small hide-for-small bottom left show-on-hover\">\n\t\t\t\t\t\t\t<\/div>\n\t\t\t<div class=\"image-tools grid-tools text-center hide-for-small bottom hover-slide-in show-on-hover\">\n\t\t\t\t\t\t\t<\/div>\n\t\t\t\t\t<\/div>\n\n\t\t<div class=\"box-text box-text-products text-center grid-style-2\">\n\t\t\t<div class=\"title-wrapper\">\t\t<p class=\"category uppercase is-smaller no-text-overflow product-cat op-7\">\n\t\t\tProduits vedettes\t\t<\/p>\n\t<p class=\"name product-title woocommerce-loop-product__title\"><a href=\"https:\/\/menorcaenkayak.com\/fr\/product\/rocker-5-1-de-fun-run\/\" class=\"woocommerce-LoopProduct-link woocommerce-loop-product__link\">Kayak de mer Essence 16 by PERCEPTION<\/a><\/p><\/div><div class=\"price-wrapper\">\n<\/div>\t\t<\/div>\n\t<\/div>\n\t\t<\/div>\n<\/div><div class=\"product-small col has-hover product type-product post-8867 status-publish instock product_cat-produits-vedettes has-post-thumbnail shipping-taxable product-type-simple\">\n\t<div class=\"col-inner\">\n\t\n<div class=\"badge-container absolute left top z-1\">\n\n<\/div>\n\t<div class=\"product-small box \">\n\t\t<div class=\"box-image\">\n\t\t\t<div class=\"image-fade_in_back\">\n\t\t\t\t<a href=\"https:\/\/menorcaenkayak.com\/fr\/product\/tempest-165-de-wilderness-systems\/\" aria-label=\"Kayak de mer TEMPEST 165 by Wilderness Systems\">\n\t\t\t\t\t<img decoding=\"async\" width=\"161\" height=\"150\" src=\"https:\/\/cdn.menorcaenkayak.com\/newsite\/wp-content\/uploads\/Tempest-2.png?strip=all&amp;resize=161%2C150\" class=\"attachment-woocommerce_thumbnail size-woocommerce_thumbnail\" alt=\"Kayak de mer TEMPEST 165 by Wilderness Systems\" \/>\t\t\t\t<\/a>\n\t\t\t<\/div>\n\t\t\t<div class=\"image-tools is-small top right show-on-hover\">\n\t\t\t\t\t\t\t<\/div>\n\t\t\t<div class=\"image-tools is-small hide-for-small bottom left show-on-hover\">\n\t\t\t\t\t\t\t<\/div>\n\t\t\t<div class=\"image-tools grid-tools text-center hide-for-small bottom hover-slide-in show-on-hover\">\n\t\t\t\t\t\t\t<\/div>\n\t\t\t\t\t<\/div>\n\n\t\t<div class=\"box-text box-text-products text-center grid-style-2\">\n\t\t\t<div class=\"title-wrapper\">\t\t<p class=\"category uppercase is-smaller no-text-overflow product-cat op-7\">\n\t\t\tProduits vedettes\t\t<\/p>\n\t<p class=\"name product-title woocommerce-loop-product__title\"><a href=\"https:\/\/menorcaenkayak.com\/fr\/product\/tempest-165-de-wilderness-systems\/\" class=\"woocommerce-LoopProduct-link woocommerce-loop-product__link\">Kayak de mer TEMPEST 165 by Wilderness Systems<\/a><\/p><\/div><div class=\"price-wrapper\">\n<\/div>\t\t<\/div>\n\t<\/div>\n\t\t<\/div>\n<\/div><div class=\"product-small col has-hover product type-product post-8866 status-publish last instock product_cat-produits-vedettes has-post-thumbnail featured shipping-taxable product-type-simple\">\n\t<div class=\"col-inner\">\n\t\n<div class=\"badge-container absolute left top z-1\">\n\n<\/div>\n\t<div class=\"product-small box \">\n\t\t<div class=\"box-image\">\n\t\t\t<div class=\"image-fade_in_back\">\n\t\t\t\t<a href=\"https:\/\/menorcaenkayak.com\/fr\/product\/sedna-de-fun-run\/\" aria-label=\"Kayak de mer Essence 17 by PERCEPTION\">\n\t\t\t\t\t<img decoding=\"async\" width=\"300\" height=\"150\" src=\"https:\/\/cdn.menorcaenkayak.com\/wp-content\/uploads\/2016\/10\/Essence-16_Top-Side-300x150.png?strip=all\" class=\"attachment-woocommerce_thumbnail size-woocommerce_thumbnail\" alt=\"Kayak de mer Essence 17 by PERCEPTION\" srcset=\"https:\/\/cdn.menorcaenkayak.com\/wp-content\/uploads\/2016\/10\/Essence-16_Top-Side-300x150.png?strip=all 300w, https:\/\/cdn.menorcaenkayak.com\/wp-content\/uploads\/2016\/10\/Essence-16_Top-Side.png?strip=all&amp;zoom=0.2&amp;resize=300%2C150 60w, https:\/\/cdn.menorcaenkayak.com\/wp-content\/uploads\/2016\/10\/Essence-16_Top-Side.png?strip=all&amp;zoom=0.4&amp;resize=300%2C150 120w, https:\/\/cdn.menorcaenkayak.com\/wp-content\/uploads\/2016\/10\/Essence-16_Top-Side.png?strip=all&amp;zoom=0.6&amp;resize=300%2C150 180w, https:\/\/cdn.menorcaenkayak.com\/wp-content\/uploads\/2016\/10\/Essence-16_Top-Side.png?strip=all&amp;zoom=0.8&amp;resize=300%2C150 240w, https:\/\/cdn.menorcaenkayak.com\/wp-content\/uploads\/2016\/10\/Essence-16_Top-Side.png?strip=all&amp;zoom=2&amp;resize=300%2C150 600w, https:\/\/cdn.menorcaenkayak.com\/wp-content\/uploads\/2016\/10\/Essence-16_Top-Side.png?strip=all&amp;zoom=3&amp;resize=300%2C150 900w\" sizes=\"(max-width: 300px) 100vw, 300px\" \/>\t\t\t\t<\/a>\n\t\t\t<\/div>\n\t\t\t<div class=\"image-tools is-small top right show-on-hover\">\n\t\t\t\t\t\t\t<\/div>\n\t\t\t<div class=\"image-tools is-small hide-for-small bottom left show-on-hover\">\n\t\t\t\t\t\t\t<\/div>\n\t\t\t<div class=\"image-tools grid-tools text-center hide-for-small bottom hover-slide-in show-on-hover\">\n\t\t\t\t\t\t\t<\/div>\n\t\t\t\t\t<\/div>\n\n\t\t<div class=\"box-text box-text-products text-center grid-style-2\">\n\t\t\t<div class=\"title-wrapper\">\t\t<p class=\"category uppercase is-smaller no-text-overflow product-cat op-7\">\n\t\t\tProduits vedettes\t\t<\/p>\n\t<p class=\"name product-title woocommerce-loop-product__title\"><a href=\"https:\/\/menorcaenkayak.com\/fr\/product\/sedna-de-fun-run\/\" class=\"woocommerce-LoopProduct-link woocommerce-loop-product__link\">Kayak de mer Essence 17 by PERCEPTION<\/a><\/p><\/div><div class=\"price-wrapper\">\n<\/div>\t\t<\/div>\n\t<\/div>\n\t\t<\/div>\n<\/div><div class=\"product-small col has-hover product type-product post-8865 status-publish first instock product_cat-produits-vedettes has-post-thumbnail featured shipping-taxable product-type-simple\">\n\t<div class=\"col-inner\">\n\t\n<div class=\"badge-container absolute left top z-1\">\n\n<\/div>\n\t<div class=\"product-small box \">\n\t\t<div class=\"box-image\">\n\t\t\t<div class=\"image-fade_in_back\">\n\t\t\t\t<a href=\"https:\/\/menorcaenkayak.com\/fr\/product\/spartan-4-6-m-expedition\/\" aria-label=\"OCEAN QUATRO by Rotomod\">\n\t\t\t\t\t<img decoding=\"async\" width=\"300\" height=\"150\" src=\"https:\/\/cdn.menorcaenkayak.com\/wp-content\/uploads\/2016\/10\/OCEAN-DUO-SOLEIL-PACK-1-300x150.jpeg?strip=all\" class=\"attachment-woocommerce_thumbnail size-woocommerce_thumbnail\" alt=\"OCEAN QUATRO by Rotomod\" srcset=\"https:\/\/cdn.menorcaenkayak.com\/wp-content\/uploads\/2016\/10\/OCEAN-DUO-SOLEIL-PACK-1-300x150.jpeg?strip=all 300w, https:\/\/cdn.menorcaenkayak.com\/wp-content\/uploads\/2016\/10\/OCEAN-DUO-SOLEIL-PACK-1.jpeg?strip=all&amp;zoom=0.2&amp;resize=300%2C150 60w, https:\/\/cdn.menorcaenkayak.com\/wp-content\/uploads\/2016\/10\/OCEAN-DUO-SOLEIL-PACK-1.jpeg?strip=all&amp;zoom=0.4&amp;resize=300%2C150 120w, https:\/\/cdn.menorcaenkayak.com\/wp-content\/uploads\/2016\/10\/OCEAN-DUO-SOLEIL-PACK-1.jpeg?strip=all&amp;zoom=0.6&amp;resize=300%2C150 180w, https:\/\/cdn.menorcaenkayak.com\/wp-content\/uploads\/2016\/10\/OCEAN-DUO-SOLEIL-PACK-1.jpeg?strip=all&amp;zoom=0.8&amp;resize=300%2C150 240w, https:\/\/cdn.menorcaenkayak.com\/wp-content\/uploads\/2016\/10\/OCEAN-DUO-SOLEIL-PACK-1.jpeg?strip=all&amp;zoom=2&amp;resize=300%2C150 600w, https:\/\/cdn.menorcaenkayak.com\/wp-content\/uploads\/2016\/10\/OCEAN-DUO-SOLEIL-PACK-1.jpeg?strip=all&amp;zoom=3&amp;resize=300%2C150 900w\" sizes=\"(max-width: 300px) 100vw, 300px\" \/>\t\t\t\t<\/a>\n\t\t\t<\/div>\n\t\t\t<div class=\"image-tools is-small top right show-on-hover\">\n\t\t\t\t\t\t\t<\/div>\n\t\t\t<div class=\"image-tools is-small hide-for-small bottom left show-on-hover\">\n\t\t\t\t\t\t\t<\/div>\n\t\t\t<div class=\"image-tools grid-tools text-center hide-for-small bottom hover-slide-in show-on-hover\">\n\t\t\t\t\t\t\t<\/div>\n\t\t\t\t\t<\/div>\n\n\t\t<div class=\"box-text box-text-products text-center grid-style-2\">\n\t\t\t<div class=\"title-wrapper\">\t\t<p class=\"category uppercase is-smaller no-text-overflow product-cat op-7\">\n\t\t\tProduits vedettes\t\t<\/p>\n\t<p class=\"name product-title woocommerce-loop-product__title\"><a href=\"https:\/\/menorcaenkayak.com\/fr\/product\/spartan-4-6-m-expedition\/\" class=\"woocommerce-LoopProduct-link woocommerce-loop-product__link\">OCEAN QUATRO by Rotomod<\/a><\/p><\/div><div class=\"price-wrapper\">\n<\/div>\t\t<\/div>\n\t<\/div>\n\t\t<\/div>\n<\/div><\/div>\n\t\t<\/div>\n\t\t\t\t\t<\/div>\n\n\t\n\n<style>\n#row-172012537 > .col > .col-inner {\n  padding: 50px 0px 0px 0px;\n}\n<\/style>\n<\/div>\n\t\t<\/div>\n\n\t\t\n<style>\n#section_526324618 {\n  padding-top: 0px;\n  padding-bottom: 0px;\n}\n<\/style>\n\t<\/section>\n\t\n\n\t<section class=\"section\" id=\"section_2081953174\">\n\t\t<div class=\"section-bg fill\" >\n\t\t\t\t\t\t\t\t\t\n\t\t\t\n\n\t\t<\/div>\n\n\t\t\n\n\t\t<div class=\"section-content relative\">\n\t\t\t\n<div class=\"row\"  id=\"row-351424751\">\n\n\t<div id=\"col-1235304750\" class=\"col small-12 large-12\"  >\n\t\t\t\t<div class=\"col-inner\"  >\n\t\t\t\n\t\t\t\n<div class=\"container section-title-container\" ><h3 class=\"section-title section-title-center\"><b><\/b><span class=\"section-title-main\" >Produits vedettes<\/span><b><\/b><\/h3><\/div>\n\t\n  \n    <div class=\"row large-columns-3 medium-columns- small-columns-2 row-large\" >\n  \n\t     <div class=\"product-small col has-hover product type-product post-8869 status-publish instock product_cat-produits-vedettes has-post-thumbnail shipping-taxable product-type-simple\">\n\t<div class=\"col-inner\">\n\t\n<div class=\"badge-container absolute left top z-1\">\n\n<\/div>\n\t<div class=\"product-small box \">\n\t\t<div class=\"box-image\">\n\t\t\t<div class=\"image-fade_in_back\">\n\t\t\t\t<a href=\"https:\/\/menorcaenkayak.com\/fr\/product\/rocker-5-1-de-fun-run\/\" aria-label=\"Kayak de mer Essence 16 by PERCEPTION\">\n\t\t\t\t\t<img decoding=\"async\" width=\"300\" height=\"150\" src=\"https:\/\/cdn.menorcaenkayak.com\/wp-content\/uploads\/2016\/10\/Essence-16_Top-Side-300x150.png?strip=all\" class=\"attachment-woocommerce_thumbnail size-woocommerce_thumbnail\" alt=\"Kayak de mer Essence 16 by PERCEPTION\" srcset=\"https:\/\/cdn.menorcaenkayak.com\/wp-content\/uploads\/2016\/10\/Essence-16_Top-Side-300x150.png?strip=all 300w, https:\/\/cdn.menorcaenkayak.com\/wp-content\/uploads\/2016\/10\/Essence-16_Top-Side.png?strip=all&amp;zoom=0.2&amp;resize=300%2C150 60w, https:\/\/cdn.menorcaenkayak.com\/wp-content\/uploads\/2016\/10\/Essence-16_Top-Side.png?strip=all&amp;zoom=0.4&amp;resize=300%2C150 120w, https:\/\/cdn.menorcaenkayak.com\/wp-content\/uploads\/2016\/10\/Essence-16_Top-Side.png?strip=all&amp;zoom=0.6&amp;resize=300%2C150 180w, https:\/\/cdn.menorcaenkayak.com\/wp-content\/uploads\/2016\/10\/Essence-16_Top-Side.png?strip=all&amp;zoom=0.8&amp;resize=300%2C150 240w, https:\/\/cdn.menorcaenkayak.com\/wp-content\/uploads\/2016\/10\/Essence-16_Top-Side.png?strip=all&amp;zoom=2&amp;resize=300%2C150 600w, https:\/\/cdn.menorcaenkayak.com\/wp-content\/uploads\/2016\/10\/Essence-16_Top-Side.png?strip=all&amp;zoom=3&amp;resize=300%2C150 900w\" sizes=\"(max-width: 300px) 100vw, 300px\" \/>\t\t\t\t<\/a>\n\t\t\t<\/div>\n\t\t\t<div class=\"image-tools is-small top right show-on-hover\">\n\t\t\t\t\t\t\t<\/div>\n\t\t\t<div class=\"image-tools is-small hide-for-small bottom left show-on-hover\">\n\t\t\t\t\t\t\t<\/div>\n\t\t\t<div class=\"image-tools grid-tools text-center hide-for-small bottom hover-slide-in show-on-hover\">\n\t\t\t\t\t\t\t<\/div>\n\t\t\t\t\t<\/div>\n\n\t\t<div class=\"box-text box-text-products text-center grid-style-2\">\n\t\t\t<div class=\"title-wrapper\">\t\t<p class=\"category uppercase is-smaller no-text-overflow product-cat op-7\">\n\t\t\tProduits vedettes\t\t<\/p>\n\t<p class=\"name product-title woocommerce-loop-product__title\"><a href=\"https:\/\/menorcaenkayak.com\/fr\/product\/rocker-5-1-de-fun-run\/\" class=\"woocommerce-LoopProduct-link woocommerce-loop-product__link\">Kayak de mer Essence 16 by PERCEPTION<\/a><\/p><\/div><div class=\"price-wrapper\">\n<\/div>\t\t<\/div>\n\t<\/div>\n\t\t<\/div>\n<\/div><div class=\"product-small col has-hover product type-product post-8867 status-publish last instock product_cat-produits-vedettes has-post-thumbnail shipping-taxable product-type-simple\">\n\t<div class=\"col-inner\">\n\t\n<div class=\"badge-container absolute left top z-1\">\n\n<\/div>\n\t<div class=\"product-small box \">\n\t\t<div class=\"box-image\">\n\t\t\t<div class=\"image-fade_in_back\">\n\t\t\t\t<a href=\"https:\/\/menorcaenkayak.com\/fr\/product\/tempest-165-de-wilderness-systems\/\" aria-label=\"Kayak de mer TEMPEST 165 by Wilderness Systems\">\n\t\t\t\t\t<img decoding=\"async\" width=\"161\" height=\"150\" src=\"https:\/\/cdn.menorcaenkayak.com\/newsite\/wp-content\/uploads\/Tempest-2.png?strip=all&amp;resize=161%2C150\" class=\"attachment-woocommerce_thumbnail size-woocommerce_thumbnail\" alt=\"Kayak de mer TEMPEST 165 by Wilderness Systems\" \/>\t\t\t\t<\/a>\n\t\t\t<\/div>\n\t\t\t<div class=\"image-tools is-small top right show-on-hover\">\n\t\t\t\t\t\t\t<\/div>\n\t\t\t<div class=\"image-tools is-small hide-for-small bottom left show-on-hover\">\n\t\t\t\t\t\t\t<\/div>\n\t\t\t<div class=\"image-tools grid-tools text-center hide-for-small bottom hover-slide-in show-on-hover\">\n\t\t\t\t\t\t\t<\/div>\n\t\t\t\t\t<\/div>\n\n\t\t<div class=\"box-text box-text-products text-center grid-style-2\">\n\t\t\t<div class=\"title-wrapper\">\t\t<p class=\"category uppercase is-smaller no-text-overflow product-cat op-7\">\n\t\t\tProduits vedettes\t\t<\/p>\n\t<p class=\"name product-title woocommerce-loop-product__title\"><a href=\"https:\/\/menorcaenkayak.com\/fr\/product\/tempest-165-de-wilderness-systems\/\" class=\"woocommerce-LoopProduct-link woocommerce-loop-product__link\">Kayak de mer TEMPEST 165 by Wilderness Systems<\/a><\/p><\/div><div class=\"price-wrapper\">\n<\/div>\t\t<\/div>\n\t<\/div>\n\t\t<\/div>\n<\/div><div class=\"product-small col has-hover product type-product post-8866 status-publish first instock product_cat-produits-vedettes has-post-thumbnail featured shipping-taxable product-type-simple\">\n\t<div class=\"col-inner\">\n\t\n<div class=\"badge-container absolute left top z-1\">\n\n<\/div>\n\t<div class=\"product-small box \">\n\t\t<div class=\"box-image\">\n\t\t\t<div class=\"image-fade_in_back\">\n\t\t\t\t<a href=\"https:\/\/menorcaenkayak.com\/fr\/product\/sedna-de-fun-run\/\" aria-label=\"Kayak de mer Essence 17 by PERCEPTION\">\n\t\t\t\t\t<img decoding=\"async\" width=\"300\" height=\"150\" src=\"https:\/\/cdn.menorcaenkayak.com\/wp-content\/uploads\/2016\/10\/Essence-16_Top-Side-300x150.png?strip=all\" class=\"attachment-woocommerce_thumbnail size-woocommerce_thumbnail\" alt=\"Kayak de mer Essence 17 by PERCEPTION\" srcset=\"https:\/\/cdn.menorcaenkayak.com\/wp-content\/uploads\/2016\/10\/Essence-16_Top-Side-300x150.png?strip=all 300w, https:\/\/cdn.menorcaenkayak.com\/wp-content\/uploads\/2016\/10\/Essence-16_Top-Side.png?strip=all&amp;zoom=0.2&amp;resize=300%2C150 60w, https:\/\/cdn.menorcaenkayak.com\/wp-content\/uploads\/2016\/10\/Essence-16_Top-Side.png?strip=all&amp;zoom=0.4&amp;resize=300%2C150 120w, https:\/\/cdn.menorcaenkayak.com\/wp-content\/uploads\/2016\/10\/Essence-16_Top-Side.png?strip=all&amp;zoom=0.6&amp;resize=300%2C150 180w, https:\/\/cdn.menorcaenkayak.com\/wp-content\/uploads\/2016\/10\/Essence-16_Top-Side.png?strip=all&amp;zoom=0.8&amp;resize=300%2C150 240w, https:\/\/cdn.menorcaenkayak.com\/wp-content\/uploads\/2016\/10\/Essence-16_Top-Side.png?strip=all&amp;zoom=2&amp;resize=300%2C150 600w, https:\/\/cdn.menorcaenkayak.com\/wp-content\/uploads\/2016\/10\/Essence-16_Top-Side.png?strip=all&amp;zoom=3&amp;resize=300%2C150 900w\" sizes=\"(max-width: 300px) 100vw, 300px\" \/>\t\t\t\t<\/a>\n\t\t\t<\/div>\n\t\t\t<div class=\"image-tools is-small top right show-on-hover\">\n\t\t\t\t\t\t\t<\/div>\n\t\t\t<div class=\"image-tools is-small hide-for-small bottom left show-on-hover\">\n\t\t\t\t\t\t\t<\/div>\n\t\t\t<div class=\"image-tools grid-tools text-center hide-for-small bottom hover-slide-in show-on-hover\">\n\t\t\t\t\t\t\t<\/div>\n\t\t\t\t\t<\/div>\n\n\t\t<div class=\"box-text box-text-products text-center grid-style-2\">\n\t\t\t<div class=\"title-wrapper\">\t\t<p class=\"category uppercase is-smaller no-text-overflow product-cat op-7\">\n\t\t\tProduits vedettes\t\t<\/p>\n\t<p class=\"name product-title woocommerce-loop-product__title\"><a href=\"https:\/\/menorcaenkayak.com\/fr\/product\/sedna-de-fun-run\/\" class=\"woocommerce-LoopProduct-link woocommerce-loop-product__link\">Kayak de mer Essence 17 by PERCEPTION<\/a><\/p><\/div><div class=\"price-wrapper\">\n<\/div>\t\t<\/div>\n\t<\/div>\n\t\t<\/div>\n<\/div><div class=\"product-small col has-hover product type-product post-8865 status-publish instock product_cat-produits-vedettes has-post-thumbnail featured shipping-taxable product-type-simple\">\n\t<div class=\"col-inner\">\n\t\n<div class=\"badge-container absolute left top z-1\">\n\n<\/div>\n\t<div class=\"product-small box \">\n\t\t<div class=\"box-image\">\n\t\t\t<div class=\"image-fade_in_back\">\n\t\t\t\t<a href=\"https:\/\/menorcaenkayak.com\/fr\/product\/spartan-4-6-m-expedition\/\" aria-label=\"OCEAN QUATRO by Rotomod\">\n\t\t\t\t\t<img decoding=\"async\" width=\"300\" height=\"150\" src=\"https:\/\/cdn.menorcaenkayak.com\/wp-content\/uploads\/2016\/10\/OCEAN-DUO-SOLEIL-PACK-1-300x150.jpeg?strip=all\" class=\"attachment-woocommerce_thumbnail size-woocommerce_thumbnail\" alt=\"OCEAN QUATRO by Rotomod\" srcset=\"https:\/\/cdn.menorcaenkayak.com\/wp-content\/uploads\/2016\/10\/OCEAN-DUO-SOLEIL-PACK-1-300x150.jpeg?strip=all 300w, https:\/\/cdn.menorcaenkayak.com\/wp-content\/uploads\/2016\/10\/OCEAN-DUO-SOLEIL-PACK-1.jpeg?strip=all&amp;zoom=0.2&amp;resize=300%2C150 60w, https:\/\/cdn.menorcaenkayak.com\/wp-content\/uploads\/2016\/10\/OCEAN-DUO-SOLEIL-PACK-1.jpeg?strip=all&amp;zoom=0.4&amp;resize=300%2C150 120w, https:\/\/cdn.menorcaenkayak.com\/wp-content\/uploads\/2016\/10\/OCEAN-DUO-SOLEIL-PACK-1.jpeg?strip=all&amp;zoom=0.6&amp;resize=300%2C150 180w, https:\/\/cdn.menorcaenkayak.com\/wp-content\/uploads\/2016\/10\/OCEAN-DUO-SOLEIL-PACK-1.jpeg?strip=all&amp;zoom=0.8&amp;resize=300%2C150 240w, https:\/\/cdn.menorcaenkayak.com\/wp-content\/uploads\/2016\/10\/OCEAN-DUO-SOLEIL-PACK-1.jpeg?strip=all&amp;zoom=2&amp;resize=300%2C150 600w, https:\/\/cdn.menorcaenkayak.com\/wp-content\/uploads\/2016\/10\/OCEAN-DUO-SOLEIL-PACK-1.jpeg?strip=all&amp;zoom=3&amp;resize=300%2C150 900w\" sizes=\"(max-width: 300px) 100vw, 300px\" \/>\t\t\t\t<\/a>\n\t\t\t<\/div>\n\t\t\t<div class=\"image-tools is-small top right show-on-hover\">\n\t\t\t\t\t\t\t<\/div>\n\t\t\t<div class=\"image-tools is-small hide-for-small bottom left show-on-hover\">\n\t\t\t\t\t\t\t<\/div>\n\t\t\t<div class=\"image-tools grid-tools text-center hide-for-small bottom hover-slide-in show-on-hover\">\n\t\t\t\t\t\t\t<\/div>\n\t\t\t\t\t<\/div>\n\n\t\t<div class=\"box-text box-text-products text-center grid-style-2\">\n\t\t\t<div class=\"title-wrapper\">\t\t<p class=\"category uppercase is-smaller no-text-overflow product-cat op-7\">\n\t\t\tProduits vedettes\t\t<\/p>\n\t<p class=\"name product-title woocommerce-loop-product__title\"><a href=\"https:\/\/menorcaenkayak.com\/fr\/product\/spartan-4-6-m-expedition\/\" class=\"woocommerce-LoopProduct-link woocommerce-loop-product__link\">OCEAN QUATRO by Rotomod<\/a><\/p><\/div><div class=\"price-wrapper\">\n<\/div>\t\t<\/div>\n\t<\/div>\n\t\t<\/div>\n<\/div><\/div>\n\t\t<\/div>\n\t\t\t\t\t<\/div>\n\n\t\n<\/div>\n\t\t<\/div>\n\n\t\t\n<style>\n#section_2081953174 {\n  padding-top: 30px;\n  padding-bottom: 30px;\n}\n<\/style>\n\t<\/section>\n\t\n\n\t<section class=\"section\" id=\"section_1028946774\">\n\t\t<div class=\"section-bg fill\" >\n\t\t\t\t\t\t\t\t\t\n\t\t\t\n\n\t\t<\/div>\n\n\t\t\n\n\t\t<div class=\"section-content relative\">\n\t\t\t\n<div class=\"row\"  id=\"row-1399230219\">\n\n\t<div id=\"col-1977498216\" class=\"col small-12 large-12\"  >\n\t\t\t\t<div class=\"col-inner\"  >\n\t\t\t\n\t\t\t\n<div class=\"container section-title-container\" ><h3 class=\"section-title section-title-center\"><b><\/b><span class=\"section-title-main\" >Equipements d'occasion<\/span><b><\/b><\/h3><\/div>\n\t\n  \n    <div class=\"row large-columns-3 medium-columns- small-columns-2 row-large\" >\n  \n\t     <div class=\"product-small col has-hover product type-product post-8864 status-publish last instock product_cat-equipements-doccasion has-post-thumbnail shipping-taxable product-type-simple\">\n\t<div class=\"col-inner\">\n\t\n<div class=\"badge-container absolute left top z-1\">\n\n<\/div>\n\t<div class=\"product-small box \">\n\t\t<div class=\"box-image\">\n\t\t\t<div class=\"image-fade_in_back\">\n\t\t\t\t<a href=\"https:\/\/menorcaenkayak.com\/fr\/product\/kayaks-doubles-doccasion\/\" aria-label=\"KAYAKS DOUBLES d&#039;occasion\">\n\t\t\t\t\t<img decoding=\"async\" width=\"300\" height=\"150\" src=\"https:\/\/cdn.menorcaenkayak.com\/wp-content\/uploads\/2016\/10\/OCEAN-DUO-SOLEIL-PACK-1-300x150.jpeg?strip=all\" class=\"attachment-woocommerce_thumbnail size-woocommerce_thumbnail\" alt=\"KAYAKS DOUBLES d&#039;occasion\" srcset=\"https:\/\/cdn.menorcaenkayak.com\/wp-content\/uploads\/2016\/10\/OCEAN-DUO-SOLEIL-PACK-1-300x150.jpeg?strip=all 300w, https:\/\/cdn.menorcaenkayak.com\/wp-content\/uploads\/2016\/10\/OCEAN-DUO-SOLEIL-PACK-1.jpeg?strip=all&amp;zoom=0.2&amp;resize=300%2C150 60w, https:\/\/cdn.menorcaenkayak.com\/wp-content\/uploads\/2016\/10\/OCEAN-DUO-SOLEIL-PACK-1.jpeg?strip=all&amp;zoom=0.4&amp;resize=300%2C150 120w, https:\/\/cdn.menorcaenkayak.com\/wp-content\/uploads\/2016\/10\/OCEAN-DUO-SOLEIL-PACK-1.jpeg?strip=all&amp;zoom=0.6&amp;resize=300%2C150 180w, https:\/\/cdn.menorcaenkayak.com\/wp-content\/uploads\/2016\/10\/OCEAN-DUO-SOLEIL-PACK-1.jpeg?strip=all&amp;zoom=0.8&amp;resize=300%2C150 240w, https:\/\/cdn.menorcaenkayak.com\/wp-content\/uploads\/2016\/10\/OCEAN-DUO-SOLEIL-PACK-1.jpeg?strip=all&amp;zoom=2&amp;resize=300%2C150 600w, https:\/\/cdn.menorcaenkayak.com\/wp-content\/uploads\/2016\/10\/OCEAN-DUO-SOLEIL-PACK-1.jpeg?strip=all&amp;zoom=3&amp;resize=300%2C150 900w\" sizes=\"(max-width: 300px) 100vw, 300px\" \/>\t\t\t\t<\/a>\n\t\t\t<\/div>\n\t\t\t<div class=\"image-tools is-small top right show-on-hover\">\n\t\t\t\t\t\t\t<\/div>\n\t\t\t<div class=\"image-tools is-small hide-for-small bottom left show-on-hover\">\n\t\t\t\t\t\t\t<\/div>\n\t\t\t<div class=\"image-tools grid-tools text-center hide-for-small bottom hover-slide-in show-on-hover\">\n\t\t\t\t\t\t\t<\/div>\n\t\t\t\t\t<\/div>\n\n\t\t<div class=\"box-text box-text-products text-center grid-style-2\">\n\t\t\t<div class=\"title-wrapper\">\t\t<p class=\"category uppercase is-smaller no-text-overflow product-cat op-7\">\n\t\t\tEquipements d&#039;occasion\t\t<\/p>\n\t<p class=\"name product-title woocommerce-loop-product__title\"><a href=\"https:\/\/menorcaenkayak.com\/fr\/product\/kayaks-doubles-doccasion\/\" class=\"woocommerce-LoopProduct-link woocommerce-loop-product__link\">KAYAKS DOUBLES d&rsquo;occasion<\/a><\/p><\/div><div class=\"price-wrapper\">\n<\/div>\t\t<\/div>\n\t<\/div>\n\t\t<\/div>\n<\/div><div class=\"product-small col has-hover product type-product post-8870 status-publish first instock product_cat-equipements-doccasion has-post-thumbnail shipping-taxable product-type-simple\">\n\t<div class=\"col-inner\">\n\t\n<div class=\"badge-container absolute left top z-1\">\n\n<\/div>\n\t<div class=\"product-small box \">\n\t\t<div class=\"box-image\">\n\t\t\t<div class=\"image-fade_in_back\">\n\t\t\t\t<a href=\"https:\/\/menorcaenkayak.com\/fr\/product\/kayaks-de-mer-doccasion\/\" aria-label=\"KAYAKS DE MER d&#039;occasion\">\n\t\t\t\t\t<img decoding=\"async\" width=\"300\" height=\"150\" src=\"https:\/\/cdn.menorcaenkayak.com\/wp-content\/uploads\/2016\/10\/Essence-16_Sunset_Top-2-300x150.png?strip=all\" class=\"attachment-woocommerce_thumbnail size-woocommerce_thumbnail\" alt=\"KAYAKS DE MER d&#039;occasion\" srcset=\"https:\/\/cdn.menorcaenkayak.com\/wp-content\/uploads\/2016\/10\/Essence-16_Sunset_Top-2-300x150.png?strip=all 300w, https:\/\/cdn.menorcaenkayak.com\/wp-content\/uploads\/2016\/10\/Essence-16_Sunset_Top-2.png?strip=all&amp;zoom=0.2&amp;resize=300%2C150 60w, https:\/\/cdn.menorcaenkayak.com\/wp-content\/uploads\/2016\/10\/Essence-16_Sunset_Top-2.png?strip=all&amp;zoom=0.4&amp;resize=300%2C150 120w, https:\/\/cdn.menorcaenkayak.com\/wp-content\/uploads\/2016\/10\/Essence-16_Sunset_Top-2.png?strip=all&amp;zoom=0.6&amp;resize=300%2C150 180w, https:\/\/cdn.menorcaenkayak.com\/wp-content\/uploads\/2016\/10\/Essence-16_Sunset_Top-2.png?strip=all&amp;zoom=0.8&amp;resize=300%2C150 240w, https:\/\/cdn.menorcaenkayak.com\/wp-content\/uploads\/2016\/10\/Essence-16_Sunset_Top-2.png?strip=all&amp;zoom=2&amp;resize=300%2C150 600w, https:\/\/cdn.menorcaenkayak.com\/wp-content\/uploads\/2016\/10\/Essence-16_Sunset_Top-2.png?strip=all&amp;zoom=3&amp;resize=300%2C150 900w\" sizes=\"(max-width: 300px) 100vw, 300px\" \/>\t\t\t\t<\/a>\n\t\t\t<\/div>\n\t\t\t<div class=\"image-tools is-small top right show-on-hover\">\n\t\t\t\t\t\t\t<\/div>\n\t\t\t<div class=\"image-tools is-small hide-for-small bottom left show-on-hover\">\n\t\t\t\t\t\t\t<\/div>\n\t\t\t<div class=\"image-tools grid-tools text-center hide-for-small bottom hover-slide-in show-on-hover\">\n\t\t\t\t\t\t\t<\/div>\n\t\t\t\t\t<\/div>\n\n\t\t<div class=\"box-text box-text-products text-center grid-style-2\">\n\t\t\t<div class=\"title-wrapper\">\t\t<p class=\"category uppercase is-smaller no-text-overflow product-cat op-7\">\n\t\t\tEquipements d&#039;occasion\t\t<\/p>\n\t<p class=\"name product-title woocommerce-loop-product__title\"><a href=\"https:\/\/menorcaenkayak.com\/fr\/product\/kayaks-de-mer-doccasion\/\" class=\"woocommerce-LoopProduct-link woocommerce-loop-product__link\">KAYAKS DE MER d&rsquo;occasion<\/a><\/p><\/div><div class=\"price-wrapper\">\n<\/div>\t\t<\/div>\n\t<\/div>\n\t\t<\/div>\n<\/div><\/div>\n\t\t<\/div>\n\t\t\t\t\t<\/div>\n\n\t\n<\/div>\n\t\t<\/div>\n\n\t\t\n<style>\n#section_1028946774 {\n  padding-top: 30px;\n  padding-bottom: 30px;\n}\n<\/style>\n\t<\/section>\n\t\n\n\t<section class=\"section\" id=\"section_1989705954\">\n\t\t<div class=\"section-bg fill\" >\n\t\t\t\t\t\t\t\t\t\n\t\t\t\n\n\t\t<\/div>\n\n\t\t\n\n\t\t<div class=\"section-content relative\">\n\t\t\t\n<div class=\"row\"  id=\"row-1807421407\">\n\n\t<div id=\"col-520822297\" class=\"col small-12 large-12\"  >\n\t\t\t\t<div class=\"col-inner\"  >\n\t\t\t\n\t\t\t\n<div class=\"container section-title-container\" ><h3 class=\"section-title section-title-center\"><b><\/b><span class=\"section-title-main\" >Les promotions<\/span><b><\/b><\/h3><\/div>\n\t\n  \n    <div class=\"row large-columns-3 medium-columns- small-columns-2 row-large\" >\n  \n\t     <div class=\"product-small col has-hover product type-product post-8871 status-publish instock product_cat-les-promotions has-post-thumbnail shipping-taxable product-type-simple\">\n\t<div class=\"col-inner\">\n\t\n<div class=\"badge-container absolute left top z-1\">\n\n<\/div>\n\t<div class=\"product-small box \">\n\t\t<div class=\"box-image\">\n\t\t\t<div class=\"image-fade_in_back\">\n\t\t\t\t<a href=\"https:\/\/menorcaenkayak.com\/fr\/product\/makao-confort-rtm\/\" aria-label=\"MAKAO Confort + pagaie\">\n\t\t\t\t\t<img decoding=\"async\" width=\"300\" height=\"150\" src=\"https:\/\/cdn.menorcaenkayak.com\/wp-content\/uploads\/2016\/10\/MAKAO-PACK-300x150.jpeg?strip=all\" class=\"attachment-woocommerce_thumbnail size-woocommerce_thumbnail\" alt=\"MAKAO Confort + pagaie\" srcset=\"https:\/\/cdn.menorcaenkayak.com\/wp-content\/uploads\/2016\/10\/MAKAO-PACK-300x150.jpeg?strip=all 300w, https:\/\/cdn.menorcaenkayak.com\/wp-content\/uploads\/2016\/10\/MAKAO-PACK.jpeg?strip=all&amp;zoom=0.2&amp;resize=300%2C150 60w, https:\/\/cdn.menorcaenkayak.com\/wp-content\/uploads\/2016\/10\/MAKAO-PACK.jpeg?strip=all&amp;zoom=0.4&amp;resize=300%2C150 120w, https:\/\/cdn.menorcaenkayak.com\/wp-content\/uploads\/2016\/10\/MAKAO-PACK.jpeg?strip=all&amp;zoom=0.6&amp;resize=300%2C150 180w, https:\/\/cdn.menorcaenkayak.com\/wp-content\/uploads\/2016\/10\/MAKAO-PACK.jpeg?strip=all&amp;zoom=0.8&amp;resize=300%2C150 240w, https:\/\/cdn.menorcaenkayak.com\/wp-content\/uploads\/2016\/10\/MAKAO-PACK.jpeg?strip=all&amp;zoom=2&amp;resize=300%2C150 600w, https:\/\/cdn.menorcaenkayak.com\/wp-content\/uploads\/2016\/10\/MAKAO-PACK.jpeg?strip=all&amp;zoom=3&amp;resize=300%2C150 900w\" sizes=\"(max-width: 300px) 100vw, 300px\" \/>\t\t\t\t<\/a>\n\t\t\t<\/div>\n\t\t\t<div class=\"image-tools is-small top right show-on-hover\">\n\t\t\t\t\t\t\t<\/div>\n\t\t\t<div class=\"image-tools is-small hide-for-small bottom left show-on-hover\">\n\t\t\t\t\t\t\t<\/div>\n\t\t\t<div class=\"image-tools grid-tools text-center hide-for-small bottom hover-slide-in show-on-hover\">\n\t\t\t\t\t\t\t<\/div>\n\t\t\t\t\t<\/div>\n\n\t\t<div class=\"box-text box-text-products text-center grid-style-2\">\n\t\t\t<div class=\"title-wrapper\">\t\t<p class=\"category uppercase is-smaller no-text-overflow product-cat op-7\">\n\t\t\tLes promotions\t\t<\/p>\n\t<p class=\"name product-title woocommerce-loop-product__title\"><a href=\"https:\/\/menorcaenkayak.com\/fr\/product\/makao-confort-rtm\/\" class=\"woocommerce-LoopProduct-link woocommerce-loop-product__link\">MAKAO Confort + pagaie<\/a><\/p><\/div><div class=\"price-wrapper\">\n<\/div>\t\t<\/div>\n\t<\/div>\n\t\t<\/div>\n<\/div><\/div>\n\t\t<\/div>\n\t\t\t\t\t<\/div>\n\n\t\n<\/div>\n\t\t<\/div>\n\n\t\t\n<style>\n#section_1989705954 {\n  padding-top: 30px;\n  padding-bottom: 30px;\n}\n<\/style>\n\t<\/section>\n\t\n","protected":false},"excerpt":{"rendered":"","protected":false},"author":3,"featured_media":0,"parent":0,"menu_order":0,"comment_status":"closed","ping_status":"closed","template":"page-transparent-header-light.php","meta":{"_acf_changed":false,"_joinchat":[],"footnotes":""},"class_list":["post-7871","page","type-page","status-publish","hentry"],"acf":[],"yoast_head":"<!-- This site is optimized with the Yoast SEO plugin v27.1.1 - https:\/\/yoast.com\/product\/yoast-seo-wordpress\/ -->\n<title>Boutique | Menorca en Kayak<\/title>\n<meta name=\"robots\" content=\"index, follow, max-snippet:-1, max-image-preview:large, max-video-preview:-1\" \/>\n<link rel=\"canonical\" href=\"https:\/\/menorcaenkayak.com\/fr\/boutique\/\" \/>\n<meta property=\"og:locale\" content=\"fr_FR\" \/>\n<meta property=\"og:type\" content=\"article\" \/>\n<meta property=\"og:title\" content=\"Boutique | Menorca en Kayak\" \/>\n<meta property=\"og:url\" content=\"https:\/\/menorcaenkayak.com\/fr\/boutique\/\" \/>\n<meta property=\"og:site_name\" content=\"Menorca en Kayak\" \/>\n<meta property=\"article:modified_time\" content=\"2022-02-10T20:34:41+00:00\" \/>\n<meta name=\"twitter:card\" content=\"summary_large_image\" \/>\n<meta name=\"twitter:label1\" content=\"Dur\u00e9e de lecture estim\u00e9e\" \/>\n\t<meta name=\"twitter:data1\" content=\"1 minute\" \/>\n<script type=\"application\/ld+json\" class=\"yoast-schema-graph\">{\"@context\":\"https:\/\/schema.org\",\"@graph\":[{\"@type\":\"WebPage\",\"@id\":\"https:\/\/menorcaenkayak.com\/fr\/boutique\/\",\"url\":\"https:\/\/menorcaenkayak.com\/fr\/boutique\/\",\"name\":\"Boutique | Menorca en Kayak\",\"isPartOf\":{\"@id\":\"https:\/\/menorcaenkayak.com\/fr\/#website\"},\"datePublished\":\"2019-01-19T09:08:34+00:00\",\"dateModified\":\"2022-02-10T20:34:41+00:00\",\"breadcrumb\":{\"@id\":\"https:\/\/menorcaenkayak.com\/fr\/boutique\/#breadcrumb\"},\"inLanguage\":\"fr-FR\",\"potentialAction\":[{\"@type\":\"ReadAction\",\"target\":[\"https:\/\/menorcaenkayak.com\/fr\/boutique\/\"]}]},{\"@type\":\"BreadcrumbList\",\"@id\":\"https:\/\/menorcaenkayak.com\/fr\/boutique\/#breadcrumb\",\"itemListElement\":[{\"@type\":\"ListItem\",\"position\":1,\"name\":\"Portada\",\"item\":\"https:\/\/menorcaenkayak.com\/fr\/\"},{\"@type\":\"ListItem\",\"position\":2,\"name\":\"Boutique\"}]},{\"@type\":\"WebSite\",\"@id\":\"https:\/\/menorcaenkayak.com\/fr\/#website\",\"url\":\"https:\/\/menorcaenkayak.com\/fr\/\",\"name\":\"Menorca en Kayak\",\"description\":\"Alquiler, excursiones, rutas, cursos | Vuelta a la isla\",\"potentialAction\":[{\"@type\":\"SearchAction\",\"target\":{\"@type\":\"EntryPoint\",\"urlTemplate\":\"https:\/\/menorcaenkayak.com\/fr\/?s={search_term_string}\"},\"query-input\":{\"@type\":\"PropertyValueSpecification\",\"valueRequired\":true,\"valueName\":\"search_term_string\"}}],\"inLanguage\":\"fr-FR\"}]}<\/script>\n<!-- \/ Yoast SEO plugin. -->","yoast_head_json":{"title":"Boutique | Menorca en Kayak","robots":{"index":"index","follow":"follow","max-snippet":"max-snippet:-1","max-image-preview":"max-image-preview:large","max-video-preview":"max-video-preview:-1"},"canonical":"https:\/\/menorcaenkayak.com\/fr\/boutique\/","og_locale":"fr_FR","og_type":"article","og_title":"Boutique | Menorca en Kayak","og_url":"https:\/\/menorcaenkayak.com\/fr\/boutique\/","og_site_name":"Menorca en Kayak","article_modified_time":"2022-02-10T20:34:41+00:00","twitter_card":"summary_large_image","twitter_misc":{"Dur\u00e9e de lecture estim\u00e9e":"1 minute"},"schema":{"@context":"https:\/\/schema.org","@graph":[{"@type":"WebPage","@id":"https:\/\/menorcaenkayak.com\/fr\/boutique\/","url":"https:\/\/menorcaenkayak.com\/fr\/boutique\/","name":"Boutique | Menorca en Kayak","isPartOf":{"@id":"https:\/\/menorcaenkayak.com\/fr\/#website"},"datePublished":"2019-01-19T09:08:34+00:00","dateModified":"2022-02-10T20:34:41+00:00","breadcrumb":{"@id":"https:\/\/menorcaenkayak.com\/fr\/boutique\/#breadcrumb"},"inLanguage":"fr-FR","potentialAction":[{"@type":"ReadAction","target":["https:\/\/menorcaenkayak.com\/fr\/boutique\/"]}]},{"@type":"BreadcrumbList","@id":"https:\/\/menorcaenkayak.com\/fr\/boutique\/#breadcrumb","itemListElement":[{"@type":"ListItem","position":1,"name":"Portada","item":"https:\/\/menorcaenkayak.com\/fr\/"},{"@type":"ListItem","position":2,"name":"Boutique"}]},{"@type":"WebSite","@id":"https:\/\/menorcaenkayak.com\/fr\/#website","url":"https:\/\/menorcaenkayak.com\/fr\/","name":"Menorca en Kayak","description":"Alquiler, excursiones, rutas, cursos | Vuelta a la isla","potentialAction":[{"@type":"SearchAction","target":{"@type":"EntryPoint","urlTemplate":"https:\/\/menorcaenkayak.com\/fr\/?s={search_term_string}"},"query-input":{"@type":"PropertyValueSpecification","valueRequired":true,"valueName":"search_term_string"}}],"inLanguage":"fr-FR"}]}},"_links":{"self":[{"href":"https:\/\/menorcaenkayak.com\/fr\/wp-json\/wp\/v2\/pages\/7871","targetHints":{"allow":["GET"]}}],"collection":[{"href":"https:\/\/menorcaenkayak.com\/fr\/wp-json\/wp\/v2\/pages"}],"about":[{"href":"https:\/\/menorcaenkayak.com\/fr\/wp-json\/wp\/v2\/types\/page"}],"author":[{"embeddable":true,"href":"https:\/\/menorcaenkayak.com\/fr\/wp-json\/wp\/v2\/users\/3"}],"replies":[{"embeddable":true,"href":"https:\/\/menorcaenkayak.com\/fr\/wp-json\/wp\/v2\/comments?post=7871"}],"version-history":[{"count":4,"href":"https:\/\/menorcaenkayak.com\/fr\/wp-json\/wp\/v2\/pages\/7871\/revisions"}],"predecessor-version":[{"id":15187,"href":"https:\/\/menorcaenkayak.com\/fr\/wp-json\/wp\/v2\/pages\/7871\/revisions\/15187"}],"wp:attachment":[{"href":"https:\/\/menorcaenkayak.com\/fr\/wp-json\/wp\/v2\/media?parent=7871"}],"curies":[{"name":"wp","href":"https:\/\/api.w.org\/{rel}","templated":true}]}}