{"id":8946,"date":"2017-02-28T13:24:24","date_gmt":"2017-02-28T13:24:24","guid":{"rendered":"https:\/\/menorcaenkayak.com\/newsite\/condicions-de-contractacio\/"},"modified":"2025-03-05T12:46:23","modified_gmt":"2025-03-05T12:46:23","slug":"condicions-de-contractacio","status":"publish","type":"page","link":"https:\/\/menorcaenkayak.com\/ca\/condicions-de-contractacio\/","title":{"rendered":"Condicions de Contractaci\u00f3"},"content":{"rendered":"  <div id=\"page-header-665668728\" class=\"page-header-wrapper\">\n  <div class=\"page-title dark featured-title\">\n\n        <div class=\"page-title-bg\">\n      <div class=\"title-bg fill bg-fill\"\n        data-parallax-container=\".page-title\"\n        data-parallax-background\n        data-parallax=\"-\">\n      <\/div>\n      <div class=\"title-overlay fill\"><\/div>\n    <\/div>\n    \n    <div class=\"page-title-inner container align-center flex-row medium-flex-wrap\" >\n              <div class=\"title-wrapper flex-col text-left medium-text-center\">\n          <h1 class=\"entry-title mb-0\">\n            Condicions de Contractaci\u00f3          <\/h1>\n        <\/div>\n                    <div class=\"title-content flex-col flex-right text-right medium-text-center\">\n        <div class=\"title-breadcrumbs pb-half pt-half\"><nav class=\"woocommerce-breadcrumb breadcrumbs uppercase\">Inici<\/nav><\/div>      <\/div>\n    <\/div>\n\n     \n<style>\n#page-header-665668728 .title-overlay {\n  background-color: rgb(96, 125, 139);\n}\n#page-header-665668728 .featured-title {\n  background-color: rgb(96, 125, 139);\n}\n<\/style>\n  <\/div>\n    <\/div>\n  \n\n\t<section class=\"section\" id=\"section_180277097\">\n\t\t<div class=\"section-bg fill\" >\n\t\t\t\t\t\t\t\t\t\n\t\t\t\n\n\t\t<\/div>\n\n\t\t\n\n\t\t<div class=\"section-content relative\">\n\t\t\t\n<div class=\"row\"  id=\"row-12525588\">\n\n\t<div id=\"col-1222377537\" class=\"col small-12 large-12\"  >\n\t\t\t\t<div class=\"col-inner\"  >\n\t\t\t\n\t\t\t\n<p class=\"alt-font\"><span style=\"font-size: 2em; color: #00aae7;\">CONDICIONS I REQUISITS GENERALS<\/span><\/p>\n<p>MENORCA EN KAYAK SL, (d&#8217;ara endavant Menorca en Kayak), com a responsable de la web, de les transaccions comercials i del tractament de dades personals i, en compliment de la Llei 3\/2014, de Defensa dels Consumidors i Usuaris, aix\u00ed com de la Directiva Europea 2011\/83 i la Llei 34\/2002, de Serveis de la Societat de la Informaci\u00f3 i del Comer\u00e7 Electr\u00f2nic (LSSICE), a m\u00e9s de la normativa aplicable en protecci\u00f3 de dades personals, el Reglament Europeu 2016\/679 i la LOPDGDD 3\/2018, informa a tots els usuaris que, a trav\u00e9s d&#8217;aquesta web corporativa, s&#8217;ofereixen serveis professionals en el marc del seu sector d&#8217;activitat, i per oferir transpar\u00e8ncia sobre la seva comercialitzaci\u00f3 i tractament, es fa constar els seg\u00fcents termes:<\/p>\n<p data-start=\"1351\" data-end=\"1385\"><strong data-start=\"1351\" data-end=\"1362\">Domini:<\/strong> <a target=\"_new\" rel=\"noopener\" data-start=\"1363\" data-end=\"1385\">www.menorcaenkayak.com<\/a><\/p>\n<p data-start=\"1387\" data-end=\"1436\"><strong data-start=\"1387\" data-end=\"1416\">Nom o denominaci\u00f3 social:<\/strong> MENORCA EN KAYAK SL<\/p>\n<p data-start=\"1438\" data-end=\"1497\"><strong data-start=\"1438\" data-end=\"1451\">Domicili:<\/strong> C\/ Tramuntana 9. Es Grau, Ma\u00f3 07700 (Menorca)<\/p>\n<p data-start=\"1499\" data-end=\"1557\"><strong data-start=\"1499\" data-end=\"1533\">Correu electr\u00f2nic de contacte:<\/strong> <a rel=\"noopener\" data-start=\"1534\" data-end=\"1557\">info@menorcaenkayak.com<\/a><\/p>\n<p data-start=\"1559\" data-end=\"1587\"><strong data-start=\"1559\" data-end=\"1571\">Tel\u00e8fon:<\/strong> (+34) 669097977<\/p>\n<p data-start=\"1589\" data-end=\"1610\"><strong data-start=\"1589\" data-end=\"1600\">C.I.F.:<\/strong> B16505703<\/p>\n\n\t\t<div class=\"tabbed-content\">\n\t\t\t\n\t\t\t<ul class=\"nav nav-line nav-uppercase nav-size-normal nav-left\" role=\"tablist\"><li id=\"tab-general\" class=\"tab active has-icon\" role=\"presentation\"><a href=\"#tab_general\" role=\"tab\" aria-selected=\"true\" aria-controls=\"tab_general\"><span>GENERAL<\/span><\/a><\/li>\n<li id=\"tab-excursions\" class=\"tab has-icon\" role=\"presentation\"><a href=\"#tab_excursions\" tabindex=\"-1\" role=\"tab\" aria-selected=\"false\" aria-controls=\"tab_excursions\"><span>EXCURSIONS<\/span><\/a><\/li>\n<li id=\"tab-lloguers-x-hores\" class=\"tab has-icon\" role=\"presentation\"><a href=\"#tab_lloguers-x-hores\" tabindex=\"-1\" role=\"tab\" aria-selected=\"false\" aria-controls=\"tab_lloguers-x-hores\"><span>LLOGUERS X HORES<\/span><\/a><\/li>\n<li id=\"tab-lloguer-caiac-de-mar\" class=\"tab has-icon\" role=\"presentation\"><a href=\"#tab_lloguer-caiac-de-mar\" tabindex=\"-1\" role=\"tab\" aria-selected=\"false\" aria-controls=\"tab_lloguer-caiac-de-mar\"><span>LLOGUER CAIAC DE MAR<\/span><\/a><\/li>\n<li id=\"tab-rutes\" class=\"tab has-icon\" role=\"presentation\"><a href=\"#tab_rutes\" tabindex=\"-1\" role=\"tab\" aria-selected=\"false\" aria-controls=\"tab_rutes\"><span>RUTES<\/span><\/a><\/li>\n<li id=\"tab-grups\" class=\"tab has-icon\" role=\"presentation\"><a href=\"#tab_grups\" tabindex=\"-1\" role=\"tab\" aria-selected=\"false\" aria-controls=\"tab_grups\"><span>GRUPS<\/span><\/a><\/li><\/ul><div class=\"tab-panels\"><div id=\"tab_general\" class=\"panel active entry-content\" role=\"tabpanel\" aria-labelledby=\"tab-general\">\n<p>MENORCA EN KAYAK SL, \u00e9s una empresa especialitzada en la comercialitzaci\u00f3 de productes i serveis esportius, propiet\u00e0ria de la web www.menorcaenkayak.com.<\/p>\n<p>Aquests <strong>\u00abTermes i condicions\u00bb<\/strong> s&#8217;apliquen a qualsevol reserva de les nostres activitats i lloguers.<\/p>\n<ul>\n<li>Els preus estan expressats en euros i inclouen l&#8217;IVA.<\/li>\n<li>\u00c9s imprescindible saber nedar per a qualsevol activitat en l&#8217;aigua.<\/li>\n<li>Els menors d&#8217;edat hauran d&#8217;estar acompanyats per una persona responsable o portar una autoritzaci\u00f3 signada per aquesta.<\/li>\n<li>Pes inferior a 120 kg; al\u00e7ada inferior a 2m (consultar amb el centre en cas de tenir un pes i\/o una al\u00e7ada igual o superior a les indicades).<\/li>\n<li>Informar pr\u00e8viament al centre en cas de patir alguna discapacitat, patologia important o possibles estats de gestaci\u00f3 abans de contractar qualsevol activitat.<\/li>\n<li>Tamb\u00e9 es compromet a no estar sota els efectes de l&#8217;alcohol, drogues i\/o estupefaents, aix\u00ed com qualsevol altra medicaci\u00f3 que pugui incidir en la seva capacitat de reacci\u00f3.<\/li>\n<li>Durant tot el recorregut, el grup comptar\u00e0 amb l&#8217;assist\u00e8ncia de guies-instructors titulats.<\/li>\n<li>El client, en contractar els nostres serveis, es compromet a seguir en tot moment les instruccions del guia (monitor) responsable de cada activitat.<\/li>\n<li>MENORCA EN KAYAK o els nostres guies no poden ser considerats responsables per danys personals, p\u00e8rdua o dany del material, quan aix\u00f2 sigui causat com a conseq\u00fc\u00e8ncia d&#8217;un mal \u00fas i\/o no seguir les instruccions donades.<\/li>\n<li>MENORCA EN KAYAK es reserva el dret de realitzar canvis en l&#8217;horari o cancel\u00b7lar qualsevol activitat per causa de les condicions meteorol\u00f2giques i de seguretat.<\/li>\n<li>El comprom\u00eds de MENORCA EN KAYAK comen\u00e7a en el moment d&#8217;inici de l&#8217;activitat contractada.<\/li>\n<li>El contracte i la responsabilitat de MENORCA EN KAYAK afecta exclusivament la feina directa dels seus t\u00e8cnics i l&#8217;organitzaci\u00f3 de l&#8217;activitat.<\/li>\n<li>Imprescindible reserva pr\u00e8via. Per confirmar una reserva, el client haur\u00e0 d&#8217;abonar el 100% de l&#8217;import total.<\/li>\n<li>Mitjan\u00e7ant el pagament de qualsevol reserva es d\u00f3na per ent\u00e8s que el client ha llegit i accepta els nostres termes i condicions.<\/li>\n<li>\u00c9s responsabilitat del client despla\u00e7ar-se fins al lloc de la sortida de l&#8217;activitat (consultar en quins casos el servei est\u00e0 incl\u00f2s).<\/li>\n<li>MENORCA EN KAYAK es reserva el dret d&#8217;admissi\u00f3 a qualsevol persona que presenti algun dels criteris esmentats anteriorment.<\/li>\n<li>Ens reservem el dret de fer canvis i ajustos a aquests termes i condicions sense notificaci\u00f3 pr\u00e8via a qualsevol client. Farem tot el possible per complir amb els termes que s&#8217;han acordat en la reserva. La pol\u00edtica de cancel\u00b7laci\u00f3 no es pot canviar.<\/li>\n<li>Recomanem a tots els clients tenir el seu propi asseguran\u00e7a de viatge personal\/m\u00e8dica.<\/li>\n<li>Per a qualsevol demanda o reclamaci\u00f3 contra MENORCA EN KAYAK es dur\u00e0 a terme als jutjats i tribunals de Ma\u00f3.<\/li>\n<\/ul>\n<\/div>\n<div id=\"tab_excursions\" class=\"panel entry-content\" role=\"tabpanel\" aria-labelledby=\"tab-excursions\">\n<p data-start=\"44\" data-end=\"84\"><span style=\"color: #00aae7;\"><strong data-start=\"44\" data-end=\"84\">EXCURSIONS GUIADES DE VARIES HORES<\/strong><\/span><\/p>\n<p data-start=\"257\" data-end=\"361\"><strong data-start=\"257\" data-end=\"283\">1. Condicions del servei:<\/strong><br data-start=\"283\" data-end=\"286\" \/>En les excursions, les tarifes s\u00f3n per persona i l&#8217;IVA del 21% est\u00e0 incl\u00f2s.<\/p>\n<p data-start=\"363\" data-end=\"647\">L&#8217;activitat inclou kayak autovaciable o SUP, pala, armilla salvavides i bossa estanca. Els serveis addicionals, com el transport, s\u00f3n a c\u00e0rrec del client.<br data-start=\"517\" data-end=\"520\" \/>A la fitxa de cada activitat s&#8217;especifiquen les edats m\u00ednimes necess\u00e0ries per participar i els requisits de reserva necessaris.<\/p>\n<p data-start=\"649\" data-end=\"885\"><strong data-start=\"649\" data-end=\"697\">2. Cancel\u00b7laci\u00f3 per condicions meteorol\u00f2giques:<\/strong><br data-start=\"697\" data-end=\"700\" \/>En cas de condicions meteorol\u00f2giques adverses, MENORCA EN KAYAK pot reprogramar o cancel\u00b7lar l&#8217;activitat. En aquest cas, el client t\u00e9 dret a la reprogramaci\u00f3 o al reemborsament complet.<\/p>\n<p data-start=\"887\" data-end=\"926\"><strong data-start=\"887\" data-end=\"924\">3. Cancel\u00b7laci\u00f3 per part del client:<\/strong><\/p>\n<ul data-start=\"927\" data-end=\"1271\">\n<li data-start=\"927\" data-end=\"998\">7 o m\u00e9s dies abans, es retorna l&#8217;import total abonat de la reserva.<\/li>\n<li data-start=\"999\" data-end=\"1082\">Menys de 7 dies abans, es penalitza amb el 30% de l&#8217;import total de la reserva.<\/li>\n<li data-start=\"1083\" data-end=\"1271\">Menys de 48 hores abans, es penalitza amb el 100% de l&#8217;import total de la reserva.<br data-start=\"1167\" data-end=\"1170\" \/>Si el client no es presenta a la data i hora establerta, haur\u00e0 d&#8217;abonar l&#8217;import total de la reserva.<\/li>\n<\/ul>\n<p data-start=\"1273\" data-end=\"1531\"><strong data-start=\"1273\" data-end=\"1316\">4. Asseguran\u00e7a i acceptaci\u00f3 de condicions:<\/strong><br data-start=\"1316\" data-end=\"1319\" \/>La reserva confirmada implica l&#8217;acceptaci\u00f3 de totes les condicions aqu\u00ed exposades. En cas que una persona faci una reserva en nom d&#8217;una altra\/s, aquesta persona assumir\u00e0 totes i cadascuna d&#8217;aquestes condicions.<\/p>\n<p>No es poden fer excepcions a la nostra pol\u00edtica de cancel\u00b7laci\u00f3 per cap motiu, incloent-hi, entre altres, el clima, el terrorisme, els disturbis civils, les pand\u00e8mies, les emerg\u00e8ncies personals, familiars o m\u00e8diques. No hi haur\u00e0 reemborsaments per arribar tard o abandonar un viatge abans d&#8217;hora. Els c\u00e0rrecs per cancel\u00b7laci\u00f3 percentuals es calculen sobre el preu total del viatge.<\/p>\n<\/div>\n<div id=\"tab_lloguers-x-hores\" class=\"panel entry-content\" role=\"tabpanel\" aria-labelledby=\"tab-lloguers-x-hores\">\n<p data-start=\"122\" data-end=\"158\"><span style=\"color: #00aae7;\"><strong data-start=\"122\" data-end=\"158\">LLOGUER DE CAIAC I SUP PER HORES<\/strong><\/span><\/p>\n<p data-start=\"160\" data-end=\"288\"><strong data-start=\"160\" data-end=\"186\">1. Condicions del servei:<\/strong><br data-start=\"186\" data-end=\"189\" \/>En el lloguer de kayaks i SUP les tarifes s\u00f3n per article, no per persona, i inclouen el 21% d&#8217;IVA.<\/p>\n<p data-start=\"290\" data-end=\"443\">El lloguer inclou caiac autobuidable o SUP, pala, armilla salvavides i bossa estanca. Els serveis addicionals, com el transport, s\u00f3n a c\u00e0rrec del client.<\/p>\n<p data-start=\"445\" data-end=\"530\">A la fitxa de cada producte s&#8217;especifiquen els requisits necessaris per a la reserva.<\/p>\n<p data-start=\"532\" data-end=\"768\"><strong data-start=\"532\" data-end=\"580\">2. Cancel\u00b7laci\u00f3 per condicions meteorol\u00f2giques:<\/strong><br data-start=\"580\" data-end=\"583\" \/>En cas de condicions meteorol\u00f2giques adverses, MENORCA EN KAYAK pot reprogramar o cancel\u00b7lar l&#8217;activitat. En aquest cas, el client t\u00e9 dret a la reprogramaci\u00f3 o al reemborsament complet.<\/p>\n<p data-start=\"770\" data-end=\"809\"><strong data-start=\"770\" data-end=\"807\">3. Cancel\u00b7laci\u00f3 per part del client:<\/strong><\/p>\n<ul data-start=\"810\" data-end=\"1153\">\n<li data-start=\"810\" data-end=\"880\">7 o m\u00e9s dies abans es retorna l&#8217;import total abonat de la reserva.<\/li>\n<li data-start=\"881\" data-end=\"964\">Menys de 7 dies abans, es penalitza amb el 30% de l&#8217;import total de la reserva.<\/li>\n<li data-start=\"965\" data-end=\"1153\">Menys de 48 hores abans, es penalitza amb el 100% de l&#8217;import total de la reserva.<br data-start=\"1049\" data-end=\"1052\" \/>Si el client no es presenta a la data i hora establerta, haur\u00e0 d&#8217;abonar l&#8217;import total de la reserva.<\/li>\n<\/ul>\n<p data-start=\"1155\" data-end=\"1413\"><strong data-start=\"1155\" data-end=\"1198\">4. Asseguran\u00e7a i acceptaci\u00f3 de condicions:<\/strong><br data-start=\"1198\" data-end=\"1201\" \/>La reserva confirmada implica l&#8217;acceptaci\u00f3 de totes les condicions aqu\u00ed exposades. En cas que una persona faci una reserva en nom d&#8217;una altra\/s, aquesta persona assumir\u00e0 totes i cadascuna d&#8217;aquestes condicions.<\/p>\n<p>No es poden fer excepcions a la nostra pol\u00edtica de cancel\u00b7laci\u00f3 per cap motiu, incloent-hi, entre altres, el clima, el terrorisme, els disturbis civils, les pand\u00e8mies, les emerg\u00e8ncies personals, familiars o m\u00e8diques. No hi haur\u00e0 reemborsaments per arribar tard o abandonar un viatge abans d&#8217;hora. Els c\u00e0rrecs per cancel\u00b7laci\u00f3 percentuals es calculen sobre el preu total del viatge.<\/p>\n<\/div>\n<div id=\"tab_lloguer-caiac-de-mar\" class=\"panel entry-content\" role=\"tabpanel\" aria-labelledby=\"tab-lloguer-caiac-de-mar\">\n<p data-start=\"139\" data-end=\"166\"><span style=\"color: #00aae7;\"><strong data-start=\"139\" data-end=\"166\">LLOGUER DE CAIAC DE MAR<\/strong><\/span><\/p>\n<p data-start=\"168\" data-end=\"439\"><strong data-start=\"168\" data-end=\"194\">1. Condicions del servei:<\/strong><br data-start=\"194\" data-end=\"197\" \/>En el lloguer de caiacs de mar, les tarifes s\u00f3n per article i inclouen el 21% d&#8217;IVA.<br data-start=\"281\" data-end=\"284\" \/>El preu inclou caiac de mar, pala, armilla, cobreba\u00f1eres, 1 bossa estanca, material de seguretat com pala de recanvi i corda de remolc, cubileta i esponja.<\/p>\n<p data-start=\"441\" data-end=\"551\">Els serveis externs com el transport han de gestionar-se per separat. L&#8217;allotjament corre a c\u00e0rrec del client.<\/p>\n<p data-start=\"553\" data-end=\"1082\">Per a tots els lloguers, cal acordar el seg\u00fcent escrit:<br data-start=\"608\" data-end=\"611\" \/>\u00abPer la present, declaro que assumisc tota la responsabilitat per la meva pr\u00f2pia seguretat durant el per\u00edode de lloguer. S\u00f3c conscient que el caiac de mar comporta certs riscos i tindr\u00e9 presents aquests riscos quan estigui a l&#8217;aigua. Retornar\u00e9 l&#8217;equip en el mateix estat en qu\u00e8 me&#8217;l van lliurar. Si l&#8217;equip no es retorna dins del per\u00edode o est\u00e0 danyat de qualsevol manera, MENORCA EN KAYAK t\u00e9 dret a reclamar els costos addicionals segons la demora o l&#8217;estat del mateix.\u00bb<\/p>\n<p data-start=\"1084\" data-end=\"1476\"><strong data-start=\"1084\" data-end=\"1132\">2. Cancel\u00b7laci\u00f3 per condicions meteorol\u00f2giques:<\/strong><br data-start=\"1132\" data-end=\"1135\" \/>Les activitats estan subjectes a les condicions meteorol\u00f2giques i a l&#8217;estat del mar. Per aquest motiu, MENORCA EN KAYAK pot veure&#8217;s obligat a canviar o cancel\u00b7lar el lloguer, fins i tot durant el per\u00edode contractat. En aquest cas, el client tindr\u00e0 dret a l&#8217;ajornament del servei de lloguer, a la devoluci\u00f3 de l&#8217;import abonat o part d&#8217;aquest.<\/p>\n<p data-start=\"1478\" data-end=\"1595\">No es retornar\u00e0 l&#8217;import abonat d&#8217;una reserva si les condicions meteorol\u00f2giques no s\u00f3n satisfactoris per als clients.<\/p>\n<p data-start=\"1597\" data-end=\"1712\">No es retornar\u00e0 l&#8217;import abonat d&#8217;una reserva si el client decideix abandonar el servei per causes d&#8217;inexperi\u00e8ncia.<\/p>\n<p data-start=\"1714\" data-end=\"1955\"><strong data-start=\"1714\" data-end=\"1751\">3. Cancel\u00b7laci\u00f3 per part del client:<\/strong><br data-start=\"1751\" data-end=\"1754\" \/>El client podr\u00e0 cancel\u00b7lar o modificar els serveis contractats tenint dret a una devoluci\u00f3 de les quantitats abonades, despr\u00e9s de rebre una notificaci\u00f3 per escrit via correu electr\u00f2nic de cancel\u00b7laci\u00f3.<\/p>\n<p data-start=\"1957\" data-end=\"2007\">S&#8217;aplicaran els seg\u00fcents criteris de penalitzaci\u00f3:<\/p>\n<ul data-start=\"2009\" data-end=\"2456\">\n<li data-start=\"2009\" data-end=\"2086\">Abonar\u00e0 les despeses de gesti\u00f3 del 10% sobre el preu total de la reserva.<\/li>\n<li data-start=\"2087\" data-end=\"2177\">15 o m\u00e9s de 15 dies abans, est\u00e0 penalitzat amb el 20% de l&#8217;import total de la reserva.<\/li>\n<li data-start=\"2178\" data-end=\"2266\">Entre 14 i 5 dies abans, est\u00e0 penalitzat amb el 25% de l&#8217;import total de la reserva.<\/li>\n<li data-start=\"2267\" data-end=\"2456\">Menys de 5 dies abans, est\u00e0 penalitzat amb el 100% de l&#8217;import total de la reserva.<br data-start=\"2352\" data-end=\"2355\" \/>Si el client no es presenta a la data i hora establerta, haur\u00e0 d&#8217;abonar l&#8217;import total de la reserva.<\/li>\n<\/ul>\n<p data-start=\"2458\" data-end=\"2603\">Recomanem fermament que les persones contractin un asseguran\u00e7a de viatge. \u00c9s una gran tranquil\u00b7litat tenir-la en cas de necessitat de cancel\u00b7lar.<\/p>\n<p data-start=\"2605\" data-end=\"2773\"><strong data-start=\"2605\" data-end=\"2648\">4. Asseguran\u00e7a i acceptaci\u00f3 de condicions:<\/strong><br data-start=\"2648\" data-end=\"2651\" \/>S&#8217;inclou l&#8217;asseguran\u00e7a necess\u00e0ria per a l&#8217;activitat. En confirmar la reserva, el client accepta les condicions generals.<\/p>\n<p>No es poden fer excepcions a la nostra pol\u00edtica de cancel\u00b7laci\u00f3 per cap motiu, incloent-hi, entre altres, el clima, el terrorisme, els disturbis civils, les pand\u00e8mies, les emerg\u00e8ncies personals, familiars o m\u00e8diques. No hi ha reemborsaments per arribar tard o abandonar un viatge abans d&#8217;hora. Els c\u00e0rrecs per cancel\u00b7laci\u00f3 percentuals es calculen sobre el preu total del viatge.<\/p>\n<\/div>\n<div id=\"tab_rutes\" class=\"panel entry-content\" role=\"tabpanel\" aria-labelledby=\"tab-rutes\">\n<p data-start=\"135\" data-end=\"166\"><span style=\"color: #00aae7;\"><strong data-start=\"135\" data-end=\"166\">RUTES GUIADES DE VARIS DIES<\/strong><\/span><\/p>\n<p><strong data-start=\"171\" data-end=\"197\">1. Condicions del servei:<\/strong><\/p>\n<p>Les nostres tarifes per persona inclouen un 21% d&#8217;IVA i l&#8217;asseguran\u00e7a obligat\u00f2ria de responsabilitat civil i accidents, exigida pel decret que regula les activitats de pirag\u00fcisme pel Govern Balear (30\/1998, de 6 de mar\u00e7, centres lucratius d&#8217;activitats n\u00e0utiques de pirag\u00fcisme).<\/p>\n<p data-start=\"477\" data-end=\"615\">Les tarifes inclouen tot l&#8217;equipament t\u00e8cnic necessari per gaudir de l&#8217;activitat, que podeu consultar a la fitxa t\u00e8cnica de la nostra web.<\/p>\n<p data-start=\"617\" data-end=\"770\">La contractaci\u00f3 de serveis externs (allotjament, transport&#8230;) ser\u00e0 a c\u00e0rrec del client, tot i que en ocasions poden ser gestionats per MENORCA EN KAYAK.<\/p>\n<p data-start=\"772\" data-end=\"1215\">Rarament cancel\u00b7lem. Si una cancel\u00b7laci\u00f3 \u00e9s inevitable, emetrem un reemborsament complet o farem tot el possible per inscriure-us en un programa equivalent; vost\u00e8 decideix. Ens esforcem per prendre aquestes decisions almenys 30 dies abans de la data d&#8217;inici del programa. Si est\u00e0 comprant un bitllet d&#8217;avi\u00f3 o fent altres reserves per assistir a aquesta activitat, li recomanem fermament que contracti una asseguran\u00e7a de cancel\u00b7laci\u00f3 de viatge.<\/p>\n<p data-start=\"1217\" data-end=\"1341\">A la fitxa de cada activitat es detallen les edats m\u00ednimes necess\u00e0ries per participar i els requisits necessaris de reserva.<\/p>\n<p><strong data-start=\"1346\" data-end=\"1376\">2. Condicions meteorol\u00f2giques<br \/><\/strong>Les nostres activitats estan subjectes a les condicions meteorol\u00f2giques i l&#8217;estat del mar. Per aquest motiu, MENORCA EN KAYAK pot veure&#8217;s obligat a canviar o cancel\u00b7lar l&#8217;activitat, fins i tot durant la realitzaci\u00f3 d&#8217;aquesta. En aquest cas, el client tindr\u00e0 dret a l&#8217;ajornament de l&#8217;activitat o a la devoluci\u00f3 de l&#8217;import abonat o part d&#8217;aquest.<\/p>\n<p data-start=\"1726\" data-end=\"1837\">No es retornar\u00e0 l&#8217;import abonat d&#8217;una reserva si les condicions clim\u00e0tiques no s\u00f3n satisfactoris per al client.<\/p>\n<p data-start=\"1839\" data-end=\"1944\">No es retornar\u00e0 l&#8217;import abonat d&#8217;una reserva si el client decideix abandonar per causes d&#8217;inexperi\u00e8ncia.<\/p>\n<p><strong data-start=\"1949\" data-end=\"1983\">3. Cancel\u00b7lacions i modificacions<\/strong><br data-start=\"1983\" data-end=\"1986\" \/>El client podr\u00e0 cancel\u00b7lar o modificar els serveis contractats tenint dret a una devoluci\u00f3 de les quantitats abonades, despr\u00e9s de rebre una notificaci\u00f3 per escrit via correu electr\u00f2nic de cancel\u00b7laci\u00f3.<\/p>\n<p data-start=\"2189\" data-end=\"2333\">Una part important dels nostres costos es comprometen molt abans de la sortida, per la qual cosa apliquem els seg\u00fcents criteris de penalitzaci\u00f3:<\/p>\n<ul data-start=\"2335\" data-end=\"2688\">\n<li data-start=\"2335\" data-end=\"2410\">Abonar\u00e0 les despeses de gesti\u00f3 del 10% sobre el preu total de la reserva.<\/li>\n<li data-start=\"2411\" data-end=\"2499\">30 o m\u00e9s de 30 dies abans, est\u00e0 penalitzat amb el 20% de l&#8217;import total de la reserva.<\/li>\n<li data-start=\"2500\" data-end=\"2688\">Menys de 30 dies abans, est\u00e0 penalitzat amb el 100% de l&#8217;import total de la reserva. Si el client no es presenta a la data i hora establerta, haur\u00e0 d&#8217;abonar l&#8217;import total de la reserva.<\/li>\n<\/ul>\n<p data-start=\"2690\" data-end=\"2836\">Recomanem fermament que les persones contractin una asseguran\u00e7a de viatge. \u00c9s una gran tranquil\u00b7litat tenir-la en cas de necessitat de cancel\u00b7lar.<\/p>\n<p><strong data-start=\"2841\" data-end=\"2884\">4. Asseguran\u00e7a i acceptaci\u00f3 de condicions:<\/strong><br data-start=\"2884\" data-end=\"2887\" \/>S&#8217;inclou l&#8217;asseguran\u00e7a necess\u00e0ria per a l&#8217;activitat. En confirmar la reserva, el client accepta les condicions generals.<\/p>\n<p>No es poden fer excepcions a la nostra pol\u00edtica de cancel\u00b7laci\u00f3 per cap motiu, incloent-hi, entre altres, el clima, el terrorisme, els disturbis civils, les pand\u00e8mies, les emerg\u00e8ncies personals, familiars o m\u00e8diques. No hi ha reemborsaments per arribar tard o abandonar un viatge abans d&#8217;hora. Els c\u00e0rrecs per cancel\u00b7laci\u00f3 percentuals es calculen sobre el preu total del viatge.<\/p>\n<\/div>\n<div id=\"tab_grups\" class=\"panel entry-content\" role=\"tabpanel\" aria-labelledby=\"tab-grups\">\n<p data-start=\"200\" data-end=\"218\"><span style=\"color: #00aae7;\"><strong data-start=\"200\" data-end=\"218\">GRUPS ESCOLARS<\/strong><\/span><\/p>\n<p><strong data-start=\"223\" data-end=\"249\">1. Condicions del servei:<\/strong><br data-start=\"249\" data-end=\"252\" \/>En les excursions, les tarifes s\u00f3n per persona i l&#8217;IVA del 21% est\u00e0 incl\u00f2s.<\/p>\n<p data-start=\"329\" data-end=\"494\">L&#8217;activitat inclou caiac autovaciable o SUP, pala, armilla salvavides i bossa estanca compartida. Els serveis addicionals, com el transport, s\u00f3n a c\u00e0rrec del client.<\/p>\n<p data-start=\"499\" data-end=\"735\"><strong data-start=\"499\" data-end=\"547\">2. Cancel\u00b7laci\u00f3 per condicions meteorol\u00f2giques:<\/strong><br data-start=\"547\" data-end=\"550\" \/>En cas de condicions meteorol\u00f2giques adverses, MENORCA EN KAYAK pot reprogramar o cancel\u00b7lar l&#8217;activitat. En aquest cas, el client t\u00e9 dret a la reprogramaci\u00f3 o al reembossament complet.<\/p>\n<p data-start=\"740\" data-end=\"771\"><strong data-start=\"740\" data-end=\"771\">3. Condicions de cancel\u00b7laci\u00f3:<\/strong><\/p>\n<p data-start=\"773\" data-end=\"982\">Per confirmar la reserva, \u00e9s necessari efectuar un pagament anticipat del 30% del preu total almenys 30 dies abans de l&#8217;activitat. La resta del pagament s&#8217;ha d&#8217;efectuar 15 dies abans de la data de l&#8217;activitat.<\/p>\n<p data-start=\"984\" data-end=\"1294\">7 dies abans de l&#8217;esdeveniment, \u00e9s imprescindible confirmar el nombre exacte de participants. A partir d&#8217;aquests set dies, aquest nombre no es podr\u00e0 modificar, excepte en cas de baixes per malaltia o problemes de salut greus (imprescindible certificat m\u00e8dic oficial). En aquest cas no s&#8217;aplicar\u00e0 cap descompte.<\/p>\n<p><strong data-start=\"1299\" data-end=\"1340\">4. Condicions de cancel\u00b7laci\u00f3 per grups:<\/strong><\/p>\n<ul data-start=\"1342\" data-end=\"1595\">\n<li data-start=\"1342\" data-end=\"1423\">10 dies d&#8217;antelaci\u00f3, es penalitzar\u00e0 amb un 25% de l&#8217;import total de la reserva.<\/li>\n<li data-start=\"1424\" data-end=\"1511\">Entre 9 i 4 dies abans, la penalitzaci\u00f3 ser\u00e0 del 50% de l&#8217;import total de la reserva.<\/li>\n<li data-start=\"1512\" data-end=\"1595\">3 dies abans o menys, es penalitzar\u00e0 amb el 100% de l&#8217;import total de la reserva.<\/li>\n<\/ul>\n<p><strong data-start=\"2927\" data-end=\"2970\">5. Asseguran\u00e7a i acceptaci\u00f3 de condicions:<\/strong><br data-start=\"2970\" data-end=\"2973\" \/>S&#8217;inclou l&#8217;asseguran\u00e7a necess\u00e0ria per a l&#8217;activitat. En confirmar la reserva, el client accepta les condicions generals.<\/p>\n<hr data-start=\"1597\" data-end=\"1600\" \/>\n<p data-start=\"1602\" data-end=\"1619\"><span style=\"color: #00aae7;\"><strong data-start=\"1602\" data-end=\"1619\">GRUPS D&#8217;EMPRESA<\/strong><\/span><\/p>\n<p><strong data-start=\"1624\" data-end=\"1650\">1. Condicions del servei:<\/strong><\/p>\n<p>En les excursions, les tarifes s\u00f3n per persona i l&#8217;IVA del 21% est\u00e0 incl\u00f2s.<\/p>\n<p data-start=\"1730\" data-end=\"1895\">L&#8217;activitat inclou caiac autovaciable o SUP, pala, armilla salvavides i bossa estanca compartida. Els serveis addicionals, com el transport, s\u00f3n a c\u00e0rrec del client.<\/p>\n<p data-start=\"1900\" data-end=\"2136\"><strong data-start=\"1900\" data-end=\"1948\">2. Cancel\u00b7laci\u00f3 per condicions meteorol\u00f2giques:<\/strong><\/p>\n<p data-start=\"1900\" data-end=\"2136\">En cas de condicions meteorol\u00f2giques adverses, MENORCA EN KAYAK pot reprogramar o cancel\u00b7lar l&#8217;activitat. En aquest cas, el client t\u00e9 dret a la reprogramaci\u00f3 o al reembossament complet.<\/p>\n<p data-start=\"2141\" data-end=\"2172\"><strong data-start=\"2141\" data-end=\"2172\">3. Condicions de cancel\u00b7laci\u00f3:<\/strong><\/p>\n<p data-start=\"2174\" data-end=\"2383\">Per confirmar la reserva, \u00e9s necessari efectuar un pagament anticipat del 30% del preu total almenys 30 dies abans de l&#8217;activitat. La resta del pagament s&#8217;ha d&#8217;efectuar 15 dies abans de la data de l&#8217;activitat.<\/p>\n<p data-start=\"2385\" data-end=\"2544\">El nombre definitiu de participants s&#8217;ha de confirmar 15 dies abans. A partir d&#8217;aquest moment, no ser\u00e0 possible reduir-lo. Qualsevol baixa no ser\u00e0 reembossada.<\/p>\n<p><strong data-start=\"2549\" data-end=\"2590\">4. Condicions de cancel\u00b7laci\u00f3 per grups:<\/strong><\/p>\n<ul data-start=\"2592\" data-end=\"2922\">\n<li data-start=\"2592\" data-end=\"2668\">Abonaran les despeses de gesti\u00f3 del 10% sobre el preu total de la reserva.<\/li>\n<li data-start=\"2669\" data-end=\"2750\">10 dies d&#8217;antelaci\u00f3, es penalitzar\u00e0 amb un 25% de l&#8217;import total de la reserva.<\/li>\n<li data-start=\"2751\" data-end=\"2838\">Entre 9 i 4 dies abans, la penalitzaci\u00f3 ser\u00e0 del 50% de l&#8217;import total de la reserva.<\/li>\n<li data-start=\"2839\" data-end=\"2922\">3 dies abans o menys, es penalitzar\u00e0 amb el 100% de l&#8217;import total de la reserva.<\/li>\n<\/ul>\n<p><strong data-start=\"2927\" data-end=\"2970\">5. Asseguran\u00e7a i acceptaci\u00f3 de condicions:<\/strong><br data-start=\"2970\" data-end=\"2973\" \/>S&#8217;inclou l&#8217;asseguran\u00e7a necess\u00e0ria per a l&#8217;activitat. En confirmar la reserva, el client accepta les condicions generals.<\/p>\n<p>No es poden fer excepcions a la nostra pol\u00edtica de cancel\u00b7laci\u00f3 per cap motiu, incloent-hi, entre altres, el clima, el terrorisme, els disturbis civils, les pand\u00e8mies, les emerg\u00e8ncies personals, familiars o m\u00e8diques. No hi ha reemborsaments per arribar tard o abandonar un viatge abans d&#8217;hora. Els c\u00e0rrecs per cancel\u00b7laci\u00f3 percentuals es calculen sobre el preu total del viatge.<\/p>\n<\/div><\/div><\/div>\n\t\t<\/div>\n\t\t\t\t\t<\/div>\n\n\t\n<\/div>\n\t\t<\/div>\n\n\t\t\n<style>\n#section_180277097 {\n  padding-top: 30px;\n  padding-bottom: 30px;\n}\n<\/style>\n\t<\/section>\n\t\n","protected":false},"excerpt":{"rendered":"","protected":false},"author":4,"featured_media":0,"parent":0,"menu_order":0,"comment_status":"closed","ping_status":"open","template":"page-transparent-header-light.php","meta":{"_acf_changed":false,"_joinchat":[],"footnotes":""},"class_list":["post-8946","page","type-page","status-publish","hentry"],"acf":[],"yoast_head":"<!-- This site is optimized with the Yoast SEO plugin v27.1.1 - https:\/\/yoast.com\/product\/yoast-seo-wordpress\/ -->\n<title>Condicions de Contractaci\u00f3 | Menorca en Kayak<\/title>\n<meta name=\"robots\" content=\"index, follow, max-snippet:-1, max-image-preview:large, max-video-preview:-1\" \/>\n<link rel=\"canonical\" href=\"https:\/\/menorcaenkayak.com\/ca\/condicions-de-contractacio\/\" \/>\n<meta property=\"og:locale\" content=\"ca_ES\" \/>\n<meta property=\"og:type\" content=\"article\" \/>\n<meta property=\"og:title\" content=\"Condicions de Contractaci\u00f3 | Menorca en Kayak\" \/>\n<meta property=\"og:url\" content=\"https:\/\/menorcaenkayak.com\/ca\/condicions-de-contractacio\/\" \/>\n<meta property=\"og:site_name\" content=\"Menorca en Kayak\" \/>\n<meta property=\"article:modified_time\" content=\"2025-03-05T12:46:23+00:00\" \/>\n<meta name=\"twitter:card\" content=\"summary_large_image\" \/>\n<meta name=\"twitter:label1\" content=\"Temps estimat de lectura\" \/>\n\t<meta name=\"twitter:data1\" content=\"14 minuts\" \/>\n<script type=\"application\/ld+json\" class=\"yoast-schema-graph\">{\"@context\":\"https:\/\/schema.org\",\"@graph\":[{\"@type\":\"WebPage\",\"@id\":\"https:\/\/menorcaenkayak.com\/ca\/condicions-de-contractacio\/\",\"url\":\"https:\/\/menorcaenkayak.com\/ca\/condicions-de-contractacio\/\",\"name\":\"Condicions de Contractaci\u00f3 | Menorca en Kayak\",\"isPartOf\":{\"@id\":\"https:\/\/menorcaenkayak.com\/ca\/#website\"},\"datePublished\":\"2017-02-28T13:24:24+00:00\",\"dateModified\":\"2025-03-05T12:46:23+00:00\",\"breadcrumb\":{\"@id\":\"https:\/\/menorcaenkayak.com\/ca\/condicions-de-contractacio\/#breadcrumb\"},\"inLanguage\":\"ca\",\"potentialAction\":[{\"@type\":\"ReadAction\",\"target\":[\"https:\/\/menorcaenkayak.com\/ca\/condicions-de-contractacio\/\"]}]},{\"@type\":\"BreadcrumbList\",\"@id\":\"https:\/\/menorcaenkayak.com\/ca\/condicions-de-contractacio\/#breadcrumb\",\"itemListElement\":[{\"@type\":\"ListItem\",\"position\":1,\"name\":\"Portada\",\"item\":\"https:\/\/menorcaenkayak.com\/ca\/\"},{\"@type\":\"ListItem\",\"position\":2,\"name\":\"Condicions de Contractaci\u00f3\"}]},{\"@type\":\"WebSite\",\"@id\":\"https:\/\/menorcaenkayak.com\/ca\/#website\",\"url\":\"https:\/\/menorcaenkayak.com\/ca\/\",\"name\":\"Menorca en Kayak\",\"description\":\"Alquiler, excursiones, rutas, cursos | Vuelta a la isla\",\"potentialAction\":[{\"@type\":\"SearchAction\",\"target\":{\"@type\":\"EntryPoint\",\"urlTemplate\":\"https:\/\/menorcaenkayak.com\/ca\/?s={search_term_string}\"},\"query-input\":{\"@type\":\"PropertyValueSpecification\",\"valueRequired\":true,\"valueName\":\"search_term_string\"}}],\"inLanguage\":\"ca\"}]}<\/script>\n<!-- \/ Yoast SEO plugin. -->","yoast_head_json":{"title":"Condicions de Contractaci\u00f3 | Menorca en Kayak","robots":{"index":"index","follow":"follow","max-snippet":"max-snippet:-1","max-image-preview":"max-image-preview:large","max-video-preview":"max-video-preview:-1"},"canonical":"https:\/\/menorcaenkayak.com\/ca\/condicions-de-contractacio\/","og_locale":"ca_ES","og_type":"article","og_title":"Condicions de Contractaci\u00f3 | Menorca en Kayak","og_url":"https:\/\/menorcaenkayak.com\/ca\/condicions-de-contractacio\/","og_site_name":"Menorca en Kayak","article_modified_time":"2025-03-05T12:46:23+00:00","twitter_card":"summary_large_image","twitter_misc":{"Temps estimat de lectura":"14 minuts"},"schema":{"@context":"https:\/\/schema.org","@graph":[{"@type":"WebPage","@id":"https:\/\/menorcaenkayak.com\/ca\/condicions-de-contractacio\/","url":"https:\/\/menorcaenkayak.com\/ca\/condicions-de-contractacio\/","name":"Condicions de Contractaci\u00f3 | Menorca en Kayak","isPartOf":{"@id":"https:\/\/menorcaenkayak.com\/ca\/#website"},"datePublished":"2017-02-28T13:24:24+00:00","dateModified":"2025-03-05T12:46:23+00:00","breadcrumb":{"@id":"https:\/\/menorcaenkayak.com\/ca\/condicions-de-contractacio\/#breadcrumb"},"inLanguage":"ca","potentialAction":[{"@type":"ReadAction","target":["https:\/\/menorcaenkayak.com\/ca\/condicions-de-contractacio\/"]}]},{"@type":"BreadcrumbList","@id":"https:\/\/menorcaenkayak.com\/ca\/condicions-de-contractacio\/#breadcrumb","itemListElement":[{"@type":"ListItem","position":1,"name":"Portada","item":"https:\/\/menorcaenkayak.com\/ca\/"},{"@type":"ListItem","position":2,"name":"Condicions de Contractaci\u00f3"}]},{"@type":"WebSite","@id":"https:\/\/menorcaenkayak.com\/ca\/#website","url":"https:\/\/menorcaenkayak.com\/ca\/","name":"Menorca en Kayak","description":"Alquiler, excursiones, rutas, cursos | Vuelta a la isla","potentialAction":[{"@type":"SearchAction","target":{"@type":"EntryPoint","urlTemplate":"https:\/\/menorcaenkayak.com\/ca\/?s={search_term_string}"},"query-input":{"@type":"PropertyValueSpecification","valueRequired":true,"valueName":"search_term_string"}}],"inLanguage":"ca"}]}},"_links":{"self":[{"href":"https:\/\/menorcaenkayak.com\/ca\/wp-json\/wp\/v2\/pages\/8946","targetHints":{"allow":["GET"]}}],"collection":[{"href":"https:\/\/menorcaenkayak.com\/ca\/wp-json\/wp\/v2\/pages"}],"about":[{"href":"https:\/\/menorcaenkayak.com\/ca\/wp-json\/wp\/v2\/types\/page"}],"author":[{"embeddable":true,"href":"https:\/\/menorcaenkayak.com\/ca\/wp-json\/wp\/v2\/users\/4"}],"replies":[{"embeddable":true,"href":"https:\/\/menorcaenkayak.com\/ca\/wp-json\/wp\/v2\/comments?post=8946"}],"version-history":[{"count":35,"href":"https:\/\/menorcaenkayak.com\/ca\/wp-json\/wp\/v2\/pages\/8946\/revisions"}],"predecessor-version":[{"id":17220,"href":"https:\/\/menorcaenkayak.com\/ca\/wp-json\/wp\/v2\/pages\/8946\/revisions\/17220"}],"wp:attachment":[{"href":"https:\/\/menorcaenkayak.com\/ca\/wp-json\/wp\/v2\/media?parent=8946"}],"curies":[{"name":"wp","href":"https:\/\/api.w.org\/{rel}","templated":true}]}}