{"id":8942,"date":"2014-05-08T13:26:57","date_gmt":"2014-05-08T13:26:57","guid":{"rendered":"https:\/\/menorcaenkayak.com\/newsite\/qui-som\/"},"modified":"2020-04-17T08:46:15","modified_gmt":"2020-04-17T08:46:15","slug":"qui-som","status":"publish","type":"page","link":"https:\/\/menorcaenkayak.com\/ca\/qui-som\/","title":{"rendered":"Qui som"},"content":{"rendered":"\t<div class=\"img has-hover x md-x lg-x y md-y lg-y\" id=\"image_2050920282\">\n\t\t\t\t\t\t\t\t<div class=\"img-inner image-cover dark\" style=\"padding-top:18%;\">\n\t\t\t<img decoding=\"async\" width=\"1020\" height=\"365\" src=\"https:\/\/cdn.menorcaenkayak.com\/wp-content\/uploads\/2020\/04\/Portada-3.png?strip=all&amp;fit=1020%2C365\" class=\"attachment-large size-large\" alt=\"\" srcset=\"https:\/\/cdn.menorcaenkayak.com\/wp-content\/uploads\/2020\/04\/Portada-3.png?strip=all 5994w, https:\/\/cdn.menorcaenkayak.com\/wp-content\/uploads\/2020\/04\/Portada-3-800x286.png?strip=all 800w, https:\/\/cdn.menorcaenkayak.com\/wp-content\/uploads\/2020\/04\/Portada-3-768x275.png?strip=all 768w, https:\/\/cdn.menorcaenkayak.com\/wp-content\/uploads\/2020\/04\/Portada-3-1400x501.png?strip=all 1400w, https:\/\/cdn.menorcaenkayak.com\/wp-content\/uploads\/2020\/04\/Portada-3-600x215.png?strip=all 600w, https:\/\/cdn.menorcaenkayak.com\/wp-content\/uploads\/2020\/04\/Portada-3.png?strip=all&amp;w=1198 1198w, https:\/\/cdn.menorcaenkayak.com\/wp-content\/uploads\/2020\/04\/Portada-3.png?strip=all&amp;w=2397 2397w, https:\/\/cdn.menorcaenkayak.com\/wp-content\/uploads\/2020\/04\/Portada-3.png?strip=all&amp;w=3596 3596w, https:\/\/cdn.menorcaenkayak.com\/wp-content\/uploads\/2020\/04\/Portada-3.png?strip=all&amp;w=4795 4795w, https:\/\/cdn.menorcaenkayak.com\/wp-content\/uploads\/2020\/04\/Portada-3.png?strip=all&amp;w=450 450w\" sizes=\"(max-width: 1020px) 100vw, 1020px\" \/>\t\t\t\t\t\t\n\t\t\t\t\t<\/div>\n\t\t\t\t\t\t\t\t\n<style>\n#image_2050920282 {\n  width: 100%;\n}\n<\/style>\n\t<\/div>\n\t\n  <div id=\"page-header-823824514\" class=\"page-header-wrapper\">\n  <div class=\"page-title dark featured-title\">\n\n        <div class=\"page-title-bg\">\n      <div class=\"title-bg fill bg-fill\"\n        data-parallax-container=\".page-title\"\n        data-parallax-background\n        data-parallax=\"-\">\n      <\/div>\n      <div class=\"title-overlay fill\"><\/div>\n    <\/div>\n    \n    <div class=\"page-title-inner container align-center flex-row medium-flex-wrap\" >\n              <div class=\"title-wrapper flex-col text-left medium-text-center\">\n          <h1 class=\"entry-title mb-0\">\n            Qui som          <\/h1>\n        <\/div>\n                    <div class=\"title-content flex-col flex-right text-right medium-text-center\">\n        <div class=\"title-breadcrumbs pb-half pt-half\"><nav class=\"woocommerce-breadcrumb breadcrumbs uppercase\">Inici<\/nav><\/div>      <\/div>\n    <\/div>\n\n     \n<style>\n#page-header-823824514 .title-bg {\n  background-image: url(https:\/\/menorcaenkayak.com\/wp-content\/uploads\/2019\/04\/DSC0077.jpg);\n}\n#page-header-823824514 .title-overlay {\n  background-color: rgb(96, 125, 139);\n}\n#page-header-823824514 .featured-title {\n  background-color: rgb(96, 125, 139);\n}\n<\/style>\n  <\/div>\n    <\/div>\n  \n\n\t<section class=\"section\" id=\"section_1946276547\">\n\t\t<div class=\"section-bg fill\" >\n\t\t\t\t\t\t\t\t\t\n\t\t\t\n\n\t\t<\/div>\n\n\t\t\n\n\t\t<div class=\"section-content relative\">\n\t\t\t\n<div class=\"row\"  id=\"row-827199923\">\n\n\t<div id=\"col-743458743\" class=\"col small-12 large-12\"  >\n\t\t\t\t<div class=\"col-inner\"  >\n\t\t\t\n\t\t\t\n<p class=\"alt-font\"><span style=\"font-size: 2em;\">Coneix-nos<\/span><\/p>\n<p>Som Carlos i M Teresa, dos apassionats del caiac de mar i de Menorca. A MENORCA EN KAYAK, tot l&#8217;equip volem compartir la nostra passi\u00f3 pel caiac de mar i la singular bellesa que presenta el litoral d&#8217;aquest meravell\u00f3s territori. Estar\u00e0s en el millor lloc per practicar aquest esport d&#8217;una manera divertida , segura i ambientalment responsable. Ens adaptarem al teu nivell i tindr\u00e0s el millor material i uns guies qualificats perqu\u00e8 siguis at\u00e8s com mereixes.<\/p>\n<p class=\"alt-font\"><span style=\"font-size: 2em;\">Qu\u00e8 oferim?<\/span><\/p>\n<p>Des de 1990 as Grau (Ma\u00f3) oferim la possibilitat de realitzar activitats amb caiac: lloguer, excursions guiades, rutes de diversos dies, volta a Menorca en Kayak, escola de caiac de mar, botiga especialitzada i tot l&#8217;assessorament professional que necessitis.<\/p>\n<p class=\"alt-font\"><span style=\"font-size: 2em;\">Per qu\u00e8 Menorca?<\/span><\/p>\n<p>Venir a Menorca \u00e9s descobrir el plaer de navegar per una de les costes m\u00e9s aut\u00e8ntiques i intactes del Mediterrani. Menorca, segona illa en grand\u00e0ria de les Balears, va ser declarada en 1993 per la UNESCO, Reserva de Biosfera. La conservaci\u00f3 paisatg\u00edstica d&#8217;aquest meravell\u00f3s territori \u00e9s el fruit del car\u00e0cter dels seus habitants que treballen per poder mantenir el seu patrimoni en perfecte estat. Els seus 702 km\u00b2 i 216 km de costa mostren, en el seu estat m\u00e9s pur, tots els seus valors naturals, paisatg\u00edstics, hist\u00f2rics i culturals; un rac\u00f3 excepcional a la Mediterr\u00e0nia per practicar el caiac de mar.<\/p>\n<p class=\"alt-font\"><span style=\"font-size: 2em;\">Per qu\u00e8 nosaltres?<\/span><\/p>\n<p>El nostre principal objectiu \u00e9s que les teves vacances siguin inoblidables i ho aconseguirem gr\u00e0cies als nostres anys d&#8217;experi\u00e8ncia i al nostre equip de qualificats monitors. Som un equip petit que coneix al detall tot el que ofereix Menorca, amb un clar comprom\u00eds amb els valors positius i la sostenibilitat. Les nostres senyals d&#8217;identitat s\u00f3n les nostres activitats adaptades a l&#8217;entorn, amb un impacte m\u00ednim sobre el medi ambient.<\/p>\n<p class=\"alt-font\"><span style=\"font-size: 2em;\">Flexibilitat<\/span><\/p>\n<p>Personalitzem la teva experi\u00e8ncia segons les teves possibilitats i els dies de qu\u00e8 disposis i organitzarem una aventura a mida. Explica&#8217;ns el teu pla de viatge, estem disposats a fer tot el que estigui a les nostres mans perqu\u00e8 visquis experi\u00e8ncies \u00faniques i sempre amb la m\u00e0xima garantia de seguretat.<\/p>\n<p class=\"alt-font\"><span style=\"font-size: 2em;\">Serietat<\/span><\/p>\n<p>Ens preocupem per la seguretat en la teva experi\u00e8ncia i per oferir tota la informaci\u00f3 necess\u00e0ria. El pla de ruta i la informaci\u00f3 meteorol\u00f2gica s\u00f3n elements imprescindibles que t&#8217;ajudaran a gaudir de la teva aventura. I si ens necessites, tindr\u00e0s el nostre suport el m\u00e9s r\u00e0pid possible. La nostra filosofia d&#8217;empresa sempre ha estat la satisfacci\u00f3 del client, la qualitat del servei, la seguretat i el respecte per la natura.<\/p>\n<p class=\"alt-font\"><span style=\"font-size: 2em;\">Confian\u00e7a<\/span><\/p>\n<p>Des de 1990 hem fet molts clients i amics, amb un p\u00fablic nacional i internacional i tots ells han marxat amb un somriure enorme, amb ganes de tornar i repetir l&#8217;experi\u00e8ncia.<\/p>\n<div class=\"slider-wrapper relative\" id=\"slider-758956929\" >\n    <div class=\"slider slider-nav-circle slider-nav-large slider-nav-light slider-style-normal\"\n        data-flickity-options='{\n            \"cellAlign\": \"center\",\n            \"imagesLoaded\": true,\n            \"lazyLoad\": 1,\n            \"freeScroll\": false,\n            \"wrapAround\": true,\n            \"autoPlay\": 6000,\n            \"pauseAutoPlayOnHover\" : true,\n            \"prevNextButtons\": true,\n            \"contain\" : true,\n            \"adaptiveHeight\" : true,\n            \"dragThreshold\" : 10,\n            \"percentPosition\": true,\n            \"pageDots\": true,\n            \"rightToLeft\": false,\n            \"draggable\": true,\n            \"selectedAttraction\": 0.1,\n            \"parallax\" : 0,\n            \"friction\": 0.6        }'\n        >\n        \n\t<div class=\"img has-hover x md-x lg-x y md-y lg-y\" id=\"image_1548461548\">\n\t\t\t\t\t\t\t\t<div class=\"img-inner image-cover dark\" style=\"padding-top:50%;\">\n\t\t\t<img decoding=\"async\" width=\"1020\" height=\"765\" src=\"https:\/\/cdn.menorcaenkayak.com\/wp-content\/uploads\/2020\/04\/IMG_2406-1.jpg?strip=all&amp;fit=1020%2C765\" class=\"attachment-large size-large\" alt=\"Equipo Menorca en kayak - 30 Aniversario\" srcset=\"https:\/\/cdn.menorcaenkayak.com\/wp-content\/uploads\/2020\/04\/IMG_2406-1.jpg?strip=all 4032w, https:\/\/cdn.menorcaenkayak.com\/wp-content\/uploads\/2020\/04\/IMG_2406-1-533x400.jpg?strip=all 533w, https:\/\/cdn.menorcaenkayak.com\/wp-content\/uploads\/2020\/04\/IMG_2406-1-768x576.jpg?strip=all 768w, https:\/\/cdn.menorcaenkayak.com\/wp-content\/uploads\/2020\/04\/IMG_2406-1-1067x800.jpg?strip=all 1067w, https:\/\/cdn.menorcaenkayak.com\/wp-content\/uploads\/2020\/04\/IMG_2406-1-600x450.jpg?strip=all 600w, https:\/\/cdn.menorcaenkayak.com\/wp-content\/uploads\/2020\/04\/IMG_2406-1.jpg?strip=all&amp;w=1612 1612w, https:\/\/cdn.menorcaenkayak.com\/wp-content\/uploads\/2020\/04\/IMG_2406-1.jpg?strip=all&amp;w=2419 2419w, https:\/\/cdn.menorcaenkayak.com\/wp-content\/uploads\/2020\/04\/IMG_2406-1.jpg?strip=all&amp;w=3225 3225w, https:\/\/cdn.menorcaenkayak.com\/wp-content\/uploads\/2020\/04\/IMG_2406-1.jpg?strip=all&amp;w=450 450w\" sizes=\"(max-width: 1020px) 100vw, 1020px\" \/>\t\t\t\t\t\t\n\t\t\t\t\t<\/div>\n\t\t\t\t\t\t\t\t\n<style>\n#image_1548461548 {\n  width: 100%;\n}\n<\/style>\n\t<\/div>\n\t\n\t<div class=\"img has-hover x md-x lg-x y md-y lg-y\" id=\"image_2036116615\">\n\t\t\t\t\t\t\t\t<div class=\"img-inner image-cover dark\" style=\"padding-top:50%;\">\n\t\t\t<img decoding=\"async\" width=\"1020\" height=\"765\" src=\"https:\/\/cdn.menorcaenkayak.com\/wp-content\/uploads\/2020\/04\/IMG_2440-1.jpg?strip=all&amp;fit=1020%2C765\" class=\"attachment-large size-large\" alt=\"\" srcset=\"https:\/\/cdn.menorcaenkayak.com\/wp-content\/uploads\/2020\/04\/IMG_2440-1.jpg?strip=all 4032w, https:\/\/cdn.menorcaenkayak.com\/wp-content\/uploads\/2020\/04\/IMG_2440-1-533x400.jpg?strip=all 533w, https:\/\/cdn.menorcaenkayak.com\/wp-content\/uploads\/2020\/04\/IMG_2440-1-768x576.jpg?strip=all 768w, https:\/\/cdn.menorcaenkayak.com\/wp-content\/uploads\/2020\/04\/IMG_2440-1-1067x800.jpg?strip=all 1067w, https:\/\/cdn.menorcaenkayak.com\/wp-content\/uploads\/2020\/04\/IMG_2440-1-600x450.jpg?strip=all 600w, https:\/\/cdn.menorcaenkayak.com\/wp-content\/uploads\/2020\/04\/IMG_2440-1.jpg?strip=all&amp;w=1612 1612w, https:\/\/cdn.menorcaenkayak.com\/wp-content\/uploads\/2020\/04\/IMG_2440-1.jpg?strip=all&amp;w=2419 2419w, https:\/\/cdn.menorcaenkayak.com\/wp-content\/uploads\/2020\/04\/IMG_2440-1.jpg?strip=all&amp;w=3225 3225w, https:\/\/cdn.menorcaenkayak.com\/wp-content\/uploads\/2020\/04\/IMG_2440-1.jpg?strip=all&amp;w=450 450w\" sizes=\"(max-width: 1020px) 100vw, 1020px\" \/>\t\t\t\t\t\t\n\t\t\t\t\t<\/div>\n\t\t\t\t\t\t\t\t\n<style>\n#image_2036116615 {\n  width: 100%;\n}\n<\/style>\n\t<\/div>\n\t\n\t<div class=\"img has-hover x md-x lg-x y md-y lg-y\" id=\"image_486017981\">\n\t\t\t\t\t\t\t\t<div class=\"img-inner image-cover dark\" style=\"padding-top:50%;\">\n\t\t\t<img decoding=\"async\" width=\"1020\" height=\"546\" src=\"https:\/\/cdn.menorcaenkayak.com\/wp-content\/uploads\/2020\/04\/IMG_9921-copia-1.jpg?strip=all&amp;fit=1020%2C546\" class=\"attachment-large size-large\" alt=\"\" srcset=\"https:\/\/cdn.menorcaenkayak.com\/wp-content\/uploads\/2020\/04\/IMG_9921-copia-1.jpg?strip=all 3952w, https:\/\/cdn.menorcaenkayak.com\/wp-content\/uploads\/2020\/04\/IMG_9921-copia-1-746x400.jpg?strip=all 746w, https:\/\/cdn.menorcaenkayak.com\/wp-content\/uploads\/2020\/04\/IMG_9921-copia-1-768x412.jpg?strip=all 768w, https:\/\/cdn.menorcaenkayak.com\/wp-content\/uploads\/2020\/04\/IMG_9921-copia-1-1400x750.jpg?strip=all 1400w, https:\/\/cdn.menorcaenkayak.com\/wp-content\/uploads\/2020\/04\/IMG_9921-copia-1-600x322.jpg?strip=all 600w, https:\/\/cdn.menorcaenkayak.com\/wp-content\/uploads\/2020\/04\/IMG_9921-copia-1.jpg?strip=all&amp;w=1580 1580w, https:\/\/cdn.menorcaenkayak.com\/wp-content\/uploads\/2020\/04\/IMG_9921-copia-1.jpg?strip=all&amp;w=2371 2371w, https:\/\/cdn.menorcaenkayak.com\/wp-content\/uploads\/2020\/04\/IMG_9921-copia-1.jpg?strip=all&amp;w=3161 3161w, https:\/\/cdn.menorcaenkayak.com\/wp-content\/uploads\/2020\/04\/IMG_9921-copia-1.jpg?strip=all&amp;w=450 450w\" sizes=\"(max-width: 1020px) 100vw, 1020px\" \/>\t\t\t\t\t\t\n\t\t\t\t\t<\/div>\n\t\t\t\t\t\t\t\t\n<style>\n#image_486017981 {\n  width: 100%;\n}\n<\/style>\n\t<\/div>\n\t\n\t<div class=\"img has-hover x md-x lg-x y md-y lg-y\" id=\"image_1594571885\">\n\t\t\t\t\t\t\t\t<div class=\"img-inner image-cover dark\" style=\"padding-top:50%;\">\n\t\t\t<img decoding=\"async\" width=\"1020\" height=\"765\" src=\"https:\/\/cdn.menorcaenkayak.com\/wp-content\/uploads\/2020\/04\/IMG_1752-1.jpg?strip=all&amp;fit=1020%2C765\" class=\"attachment-large size-large\" alt=\"Equipo Menorca en kayak en Urdaibai\" srcset=\"https:\/\/cdn.menorcaenkayak.com\/wp-content\/uploads\/2020\/04\/IMG_1752-1.jpg?strip=all 4032w, https:\/\/cdn.menorcaenkayak.com\/wp-content\/uploads\/2020\/04\/IMG_1752-1-533x400.jpg?strip=all 533w, https:\/\/cdn.menorcaenkayak.com\/wp-content\/uploads\/2020\/04\/IMG_1752-1-768x576.jpg?strip=all 768w, https:\/\/cdn.menorcaenkayak.com\/wp-content\/uploads\/2020\/04\/IMG_1752-1-1067x800.jpg?strip=all 1067w, https:\/\/cdn.menorcaenkayak.com\/wp-content\/uploads\/2020\/04\/IMG_1752-1-600x450.jpg?strip=all 600w, https:\/\/cdn.menorcaenkayak.com\/wp-content\/uploads\/2020\/04\/IMG_1752-1.jpg?strip=all&amp;w=1612 1612w, https:\/\/cdn.menorcaenkayak.com\/wp-content\/uploads\/2020\/04\/IMG_1752-1.jpg?strip=all&amp;w=2419 2419w, https:\/\/cdn.menorcaenkayak.com\/wp-content\/uploads\/2020\/04\/IMG_1752-1.jpg?strip=all&amp;w=3225 3225w, https:\/\/cdn.menorcaenkayak.com\/wp-content\/uploads\/2020\/04\/IMG_1752-1.jpg?strip=all&amp;w=450 450w\" sizes=\"(max-width: 1020px) 100vw, 1020px\" \/>\t\t\t\t\t\t\n\t\t\t\t\t<\/div>\n\t\t\t\t\t\t\t\t\n<style>\n#image_1594571885 {\n  width: 100%;\n}\n<\/style>\n\t<\/div>\n\t\n\t<div class=\"img has-hover x md-x lg-x y md-y lg-y\" id=\"image_1316448215\">\n\t\t\t\t\t\t\t\t<div class=\"img-inner image-cover dark\" style=\"padding-top:50%;\">\n\t\t\t<img decoding=\"async\" width=\"1020\" height=\"765\" src=\"https:\/\/cdn.menorcaenkayak.com\/wp-content\/uploads\/2020\/04\/IMG_0017-1.jpg?strip=all&amp;fit=1020%2C765\" class=\"attachment-large size-large\" alt=\"Menorca en kayak equipo - submarinismo en Menorca\" srcset=\"https:\/\/cdn.menorcaenkayak.com\/wp-content\/uploads\/2020\/04\/IMG_0017-1.jpg?strip=all 4000w, https:\/\/cdn.menorcaenkayak.com\/wp-content\/uploads\/2020\/04\/IMG_0017-1-533x400.jpg?strip=all 533w, https:\/\/cdn.menorcaenkayak.com\/wp-content\/uploads\/2020\/04\/IMG_0017-1-768x576.jpg?strip=all 768w, https:\/\/cdn.menorcaenkayak.com\/wp-content\/uploads\/2020\/04\/IMG_0017-1-1067x800.jpg?strip=all 1067w, https:\/\/cdn.menorcaenkayak.com\/wp-content\/uploads\/2020\/04\/IMG_0017-1-600x450.jpg?strip=all 600w, https:\/\/cdn.menorcaenkayak.com\/wp-content\/uploads\/2020\/04\/IMG_0017-1.jpg?strip=all&amp;w=1600 1600w, https:\/\/cdn.menorcaenkayak.com\/wp-content\/uploads\/2020\/04\/IMG_0017-1.jpg?strip=all&amp;w=2400 2400w, https:\/\/cdn.menorcaenkayak.com\/wp-content\/uploads\/2020\/04\/IMG_0017-1.jpg?strip=all&amp;w=3200 3200w, https:\/\/cdn.menorcaenkayak.com\/wp-content\/uploads\/2020\/04\/IMG_0017-1.jpg?strip=all&amp;w=450 450w\" sizes=\"(max-width: 1020px) 100vw, 1020px\" \/>\t\t\t\t\t\t\n\t\t\t\t\t<\/div>\n\t\t\t\t\t\t\t\t\n<style>\n#image_1316448215 {\n  width: 100%;\n}\n<\/style>\n\t<\/div>\n\t\n\t<div class=\"img has-hover x md-x lg-x y md-y lg-y\" id=\"image_411889341\">\n\t\t\t\t\t\t\t\t<div class=\"img-inner image-cover dark\" style=\"padding-top:50%;\">\n\t\t\t<img decoding=\"async\" width=\"1020\" height=\"598\" src=\"https:\/\/cdn.menorcaenkayak.com\/wp-content\/uploads\/2020\/04\/foto-mendexa-1.jpg?strip=all&amp;fit=1020%2C598\" class=\"attachment-large size-large\" alt=\"Equipo Menorca en kayak en parque de aventura Mendexa\" srcset=\"https:\/\/cdn.menorcaenkayak.com\/wp-content\/uploads\/2020\/04\/foto-mendexa-1.jpg?strip=all 3996w, https:\/\/cdn.menorcaenkayak.com\/wp-content\/uploads\/2020\/04\/foto-mendexa-1-682x400.jpg?strip=all 682w, https:\/\/cdn.menorcaenkayak.com\/wp-content\/uploads\/2020\/04\/foto-mendexa-1-768x450.jpg?strip=all 768w, https:\/\/cdn.menorcaenkayak.com\/wp-content\/uploads\/2020\/04\/foto-mendexa-1-1364x800.jpg?strip=all 1364w, https:\/\/cdn.menorcaenkayak.com\/wp-content\/uploads\/2020\/04\/foto-mendexa-1-600x352.jpg?strip=all 600w, https:\/\/cdn.menorcaenkayak.com\/wp-content\/uploads\/2020\/04\/foto-mendexa-1.jpg?strip=all&amp;w=1598 1598w, https:\/\/cdn.menorcaenkayak.com\/wp-content\/uploads\/2020\/04\/foto-mendexa-1.jpg?strip=all&amp;w=2397 2397w, https:\/\/cdn.menorcaenkayak.com\/wp-content\/uploads\/2020\/04\/foto-mendexa-1.jpg?strip=all&amp;w=3196 3196w, https:\/\/cdn.menorcaenkayak.com\/wp-content\/uploads\/2020\/04\/foto-mendexa-1.jpg?strip=all&amp;w=450 450w\" sizes=\"(max-width: 1020px) 100vw, 1020px\" \/>\t\t\t\t\t\t\n\t\t\t\t\t<\/div>\n\t\t\t\t\t\t\t\t\n<style>\n#image_411889341 {\n  width: 100%;\n}\n<\/style>\n\t<\/div>\n\t\n     <\/div>\n\n     <div class=\"loading-spin dark large centered\"><\/div>\n\n\t<\/div>\n\n\n\t\t<\/div>\n\t\t\t\t\t<\/div>\n\n\t\n<\/div>\n\t\t<\/div>\n\n\t\t\n<style>\n#section_1946276547 {\n  padding-top: 30px;\n  padding-bottom: 30px;\n}\n<\/style>\n\t<\/section>\n\t\n","protected":false},"excerpt":{"rendered":"","protected":false},"author":4,"featured_media":11239,"parent":0,"menu_order":0,"comment_status":"closed","ping_status":"open","template":"page-transparent-header-light.php","meta":{"_acf_changed":false,"_joinchat":[],"footnotes":""},"class_list":["post-8942","page","type-page","status-publish","has-post-thumbnail","hentry"],"acf":[],"yoast_head":"<!-- This site is optimized with the Yoast SEO plugin v27.1.1 - https:\/\/yoast.com\/product\/yoast-seo-wordpress\/ -->\n<title>Qui som | Menorca en Kayak<\/title>\n<meta name=\"robots\" content=\"index, follow, max-snippet:-1, max-image-preview:large, max-video-preview:-1\" \/>\n<link rel=\"canonical\" href=\"https:\/\/menorcaenkayak.com\/ca\/qui-som\/\" \/>\n<meta property=\"og:locale\" content=\"ca_ES\" \/>\n<meta property=\"og:type\" content=\"article\" \/>\n<meta property=\"og:title\" content=\"Qui som | Menorca en Kayak\" \/>\n<meta property=\"og:url\" content=\"https:\/\/menorcaenkayak.com\/ca\/qui-som\/\" \/>\n<meta property=\"og:site_name\" content=\"Menorca en Kayak\" \/>\n<meta property=\"article:modified_time\" content=\"2020-04-17T08:46:15+00:00\" \/>\n<meta property=\"og:image\" content=\"https:\/\/menorcaenkayak.com\/wp-content\/uploads\/2019\/04\/DSC0077.jpg\" \/>\n\t<meta property=\"og:image:width\" content=\"6016\" \/>\n\t<meta property=\"og:image:height\" content=\"4000\" \/>\n\t<meta property=\"og:image:type\" content=\"image\/jpeg\" \/>\n<meta name=\"twitter:card\" content=\"summary_large_image\" \/>\n<meta name=\"twitter:label1\" content=\"Temps estimat de lectura\" \/>\n\t<meta name=\"twitter:data1\" content=\"3 minuts\" \/>\n<script type=\"application\/ld+json\" class=\"yoast-schema-graph\">{\"@context\":\"https:\/\/schema.org\",\"@graph\":[{\"@type\":\"WebPage\",\"@id\":\"https:\/\/menorcaenkayak.com\/ca\/qui-som\/\",\"url\":\"https:\/\/menorcaenkayak.com\/ca\/qui-som\/\",\"name\":\"Qui som | Menorca en Kayak\",\"isPartOf\":{\"@id\":\"https:\/\/menorcaenkayak.com\/ca\/#website\"},\"primaryImageOfPage\":{\"@id\":\"https:\/\/menorcaenkayak.com\/ca\/qui-som\/#primaryimage\"},\"image\":{\"@id\":\"https:\/\/menorcaenkayak.com\/ca\/qui-som\/#primaryimage\"},\"thumbnailUrl\":\"https:\/\/cdn.menorcaenkayak.com\/wp-content\/uploads\/2019\/04\/DSC0077.jpg?strip=all\",\"datePublished\":\"2014-05-08T13:26:57+00:00\",\"dateModified\":\"2020-04-17T08:46:15+00:00\",\"breadcrumb\":{\"@id\":\"https:\/\/menorcaenkayak.com\/ca\/qui-som\/#breadcrumb\"},\"inLanguage\":\"ca\",\"potentialAction\":[{\"@type\":\"ReadAction\",\"target\":[\"https:\/\/menorcaenkayak.com\/ca\/qui-som\/\"]}]},{\"@type\":\"ImageObject\",\"inLanguage\":\"ca\",\"@id\":\"https:\/\/menorcaenkayak.com\/ca\/qui-som\/#primaryimage\",\"url\":\"https:\/\/cdn.menorcaenkayak.com\/wp-content\/uploads\/2019\/04\/DSC0077.jpg?strip=all\",\"contentUrl\":\"https:\/\/cdn.menorcaenkayak.com\/wp-content\/uploads\/2019\/04\/DSC0077.jpg?strip=all\",\"width\":6016,\"height\":4000},{\"@type\":\"BreadcrumbList\",\"@id\":\"https:\/\/menorcaenkayak.com\/ca\/qui-som\/#breadcrumb\",\"itemListElement\":[{\"@type\":\"ListItem\",\"position\":1,\"name\":\"Portada\",\"item\":\"https:\/\/menorcaenkayak.com\/ca\/\"},{\"@type\":\"ListItem\",\"position\":2,\"name\":\"Qui som\"}]},{\"@type\":\"WebSite\",\"@id\":\"https:\/\/menorcaenkayak.com\/ca\/#website\",\"url\":\"https:\/\/menorcaenkayak.com\/ca\/\",\"name\":\"Menorca en Kayak\",\"description\":\"Alquiler, excursiones, rutas, cursos | Vuelta a la isla\",\"potentialAction\":[{\"@type\":\"SearchAction\",\"target\":{\"@type\":\"EntryPoint\",\"urlTemplate\":\"https:\/\/menorcaenkayak.com\/ca\/?s={search_term_string}\"},\"query-input\":{\"@type\":\"PropertyValueSpecification\",\"valueRequired\":true,\"valueName\":\"search_term_string\"}}],\"inLanguage\":\"ca\"}]}<\/script>\n<!-- \/ Yoast SEO plugin. -->","yoast_head_json":{"title":"Qui som | Menorca en Kayak","robots":{"index":"index","follow":"follow","max-snippet":"max-snippet:-1","max-image-preview":"max-image-preview:large","max-video-preview":"max-video-preview:-1"},"canonical":"https:\/\/menorcaenkayak.com\/ca\/qui-som\/","og_locale":"ca_ES","og_type":"article","og_title":"Qui som | Menorca en Kayak","og_url":"https:\/\/menorcaenkayak.com\/ca\/qui-som\/","og_site_name":"Menorca en Kayak","article_modified_time":"2020-04-17T08:46:15+00:00","og_image":[{"width":6016,"height":4000,"url":"https:\/\/menorcaenkayak.com\/wp-content\/uploads\/2019\/04\/DSC0077.jpg","type":"image\/jpeg"}],"twitter_card":"summary_large_image","twitter_misc":{"Temps estimat de lectura":"3 minuts"},"schema":{"@context":"https:\/\/schema.org","@graph":[{"@type":"WebPage","@id":"https:\/\/menorcaenkayak.com\/ca\/qui-som\/","url":"https:\/\/menorcaenkayak.com\/ca\/qui-som\/","name":"Qui som | Menorca en Kayak","isPartOf":{"@id":"https:\/\/menorcaenkayak.com\/ca\/#website"},"primaryImageOfPage":{"@id":"https:\/\/menorcaenkayak.com\/ca\/qui-som\/#primaryimage"},"image":{"@id":"https:\/\/menorcaenkayak.com\/ca\/qui-som\/#primaryimage"},"thumbnailUrl":"https:\/\/cdn.menorcaenkayak.com\/wp-content\/uploads\/2019\/04\/DSC0077.jpg?strip=all","datePublished":"2014-05-08T13:26:57+00:00","dateModified":"2020-04-17T08:46:15+00:00","breadcrumb":{"@id":"https:\/\/menorcaenkayak.com\/ca\/qui-som\/#breadcrumb"},"inLanguage":"ca","potentialAction":[{"@type":"ReadAction","target":["https:\/\/menorcaenkayak.com\/ca\/qui-som\/"]}]},{"@type":"ImageObject","inLanguage":"ca","@id":"https:\/\/menorcaenkayak.com\/ca\/qui-som\/#primaryimage","url":"https:\/\/cdn.menorcaenkayak.com\/wp-content\/uploads\/2019\/04\/DSC0077.jpg?strip=all","contentUrl":"https:\/\/cdn.menorcaenkayak.com\/wp-content\/uploads\/2019\/04\/DSC0077.jpg?strip=all","width":6016,"height":4000},{"@type":"BreadcrumbList","@id":"https:\/\/menorcaenkayak.com\/ca\/qui-som\/#breadcrumb","itemListElement":[{"@type":"ListItem","position":1,"name":"Portada","item":"https:\/\/menorcaenkayak.com\/ca\/"},{"@type":"ListItem","position":2,"name":"Qui som"}]},{"@type":"WebSite","@id":"https:\/\/menorcaenkayak.com\/ca\/#website","url":"https:\/\/menorcaenkayak.com\/ca\/","name":"Menorca en Kayak","description":"Alquiler, excursiones, rutas, cursos | Vuelta a la isla","potentialAction":[{"@type":"SearchAction","target":{"@type":"EntryPoint","urlTemplate":"https:\/\/menorcaenkayak.com\/ca\/?s={search_term_string}"},"query-input":{"@type":"PropertyValueSpecification","valueRequired":true,"valueName":"search_term_string"}}],"inLanguage":"ca"}]}},"_links":{"self":[{"href":"https:\/\/menorcaenkayak.com\/ca\/wp-json\/wp\/v2\/pages\/8942","targetHints":{"allow":["GET"]}}],"collection":[{"href":"https:\/\/menorcaenkayak.com\/ca\/wp-json\/wp\/v2\/pages"}],"about":[{"href":"https:\/\/menorcaenkayak.com\/ca\/wp-json\/wp\/v2\/types\/page"}],"author":[{"embeddable":true,"href":"https:\/\/menorcaenkayak.com\/ca\/wp-json\/wp\/v2\/users\/4"}],"replies":[{"embeddable":true,"href":"https:\/\/menorcaenkayak.com\/ca\/wp-json\/wp\/v2\/comments?post=8942"}],"version-history":[{"count":7,"href":"https:\/\/menorcaenkayak.com\/ca\/wp-json\/wp\/v2\/pages\/8942\/revisions"}],"predecessor-version":[{"id":14128,"href":"https:\/\/menorcaenkayak.com\/ca\/wp-json\/wp\/v2\/pages\/8942\/revisions\/14128"}],"wp:featuredmedia":[{"embeddable":true,"href":"https:\/\/menorcaenkayak.com\/ca\/wp-json\/wp\/v2\/media\/11239"}],"wp:attachment":[{"href":"https:\/\/menorcaenkayak.com\/ca\/wp-json\/wp\/v2\/media?parent=8942"}],"curies":[{"name":"wp","href":"https:\/\/api.w.org\/{rel}","templated":true}]}}